{"id":2,"date":"2022-01-18T15:56:36","date_gmt":"2022-01-18T14:56:36","guid":{"rendered":"https:\/\/www.huissier-luxembourg.be\/?page_id=2"},"modified":"2026-02-27T15:03:37","modified_gmt":"2026-02-27T14:03:37","slug":"accueil","status":"publish","type":"page","link":"https:\/\/www.huissier-luxembourg.be\/","title":{"rendered":"Accueil"},"content":{"rendered":"\t\t<div data-elementor-type=\"wp-page\" data-elementor-id=\"2\" class=\"elementor elementor-2\" data-elementor-post-type=\"page\">\n\t\t\t\t\t\t<section class=\"elementor-section elementor-top-section elementor-element elementor-element-34d9e2dc elementor-section-height-min-height elementor-section-boxed elementor-section-height-default elementor-section-items-middle\" data-id=\"34d9e2dc\" data-element_type=\"section\" data-settings=\"{&quot;background_background&quot;:&quot;classic&quot;}\">\n\t\t\t\t\t\t\t<div class=\"elementor-background-overlay\"><\/div>\n\t\t\t\t\t\t\t<div class=\"elementor-container elementor-column-gap-no\">\n\t\t\t\t\t<div class=\"elementor-column elementor-col-100 elementor-top-column elementor-element elementor-element-260cfb83\" data-id=\"260cfb83\" data-element_type=\"column\" data-settings=\"{&quot;background_background&quot;:&quot;classic&quot;}\">\n\t\t\t<div class=\"elementor-widget-wrap elementor-element-populated\">\n\t\t\t\t\t\t<div class=\"elementor-element elementor-element-7316e15 elementor-widget elementor-widget-heading\" data-id=\"7316e15\" data-element_type=\"widget\" data-widget_type=\"heading.default\">\n\t\t\t\t<div class=\"elementor-widget-container\">\n\t\t\t<h2 class=\"elementor-heading-title elementor-size-default\">Comp\u00e9tente sur l\u2019ensemble du territoire de la province du Luxembourg\n<\/h2>\t\t<\/div>\n\t\t\t\t<\/div>\n\t\t\t\t<section class=\"elementor-section elementor-inner-section elementor-element elementor-element-2f072e8 elementor-section-full_width elementor-section-height-default elementor-section-height-default\" data-id=\"2f072e8\" data-element_type=\"section\">\n\t\t\t\t\t\t<div class=\"elementor-container elementor-column-gap-default\">\n\t\t\t\t\t<div class=\"elementor-column elementor-col-50 elementor-inner-column elementor-element elementor-element-27fa3f4\" data-id=\"27fa3f4\" data-element_type=\"column\">\n\t\t\t<div class=\"elementor-widget-wrap elementor-element-populated\">\n\t\t\t\t\t\t<div class=\"elementor-element elementor-element-2593908 elementor-widget elementor-widget-video\" data-id=\"2593908\" data-element_type=\"widget\" data-settings=\"{&quot;youtube_url&quot;:&quot;https:\\\/\\\/youtu.be\\\/Sz260qbcvd4&quot;,&quot;modestbranding&quot;:&quot;yes&quot;,&quot;yt_privacy&quot;:&quot;yes&quot;,&quot;video_type&quot;:&quot;youtube&quot;,&quot;controls&quot;:&quot;yes&quot;}\" data-widget_type=\"video.default\">\n\t\t\t\t<div class=\"elementor-widget-container\">\n\t\t\t\t\t<div class=\"elementor-wrapper elementor-open-inline\">\n\t\t\t<div class=\"elementor-video\"><\/div>\t\t<\/div>\n\t\t\t\t<\/div>\n\t\t\t\t<\/div>\n\t\t\t\t\t<\/div>\n\t\t<\/div>\n\t\t\t\t<div class=\"elementor-column elementor-col-50 elementor-inner-column elementor-element elementor-element-48f2b88\" data-id=\"48f2b88\" data-element_type=\"column\">\n\t\t\t<div class=\"elementor-widget-wrap elementor-element-populated\">\n\t\t\t\t\t\t<div class=\"elementor-element elementor-element-6bd7853d elementor-invisible elementor-widget elementor-widget-text-editor\" data-id=\"6bd7853d\" data-element_type=\"widget\" data-settings=\"{&quot;_animation&quot;:&quot;fadeIn&quot;,&quot;_animation_delay&quot;:400}\" data-widget_type=\"text-editor.default\">\n\t\t\t\t<div class=\"elementor-widget-container\">\n\t\t\t\t\t\t\t<p>L\u2019<strong>\u00e9tude des Huissiers de Justice LAPRAILLE ET ASSOCIES<\/strong> comp\u00e9tente sur l\u2019ensemble du territoire de la province du Luxembourg, a d\u00e9velopp\u00e9 <strong>un r\u00e9seau de confr\u00e8res<\/strong> permettant de garantir un service de qualit\u00e9 tant <strong>en Belgique<\/strong> qu\u2019<strong>\u00e0 l\u2019Etranger<\/strong>.<\/p><p>Une <strong>\u00e9quipe exp\u00e9riment\u00e9e et dynamique<\/strong> est \u00e0 votre disposition pour accomplir toutes les missions d\u00e9volues \u00e0 la fonction d\u2019Huissier de Justice, notamment : <strong>citation en justice, signification, ex\u00e9cution, vente publique, constats, concours, \u2026<\/strong><\/p><p>Accessible tant aux professionnels qu\u2019aux particuliers, ainsi qu\u2019aux administrations publiques, <strong>nos collaborateurs prennent en charge votre proc\u00e9dure, amiable et judiciaire<\/strong>, en toute transparence. Nous sommes <strong>soucieux d\u2019offrir un service de qualit\u00e9<\/strong>, tout en appliquant un tarif l\u00e9gal de mani\u00e8re raisonnable.<\/p><p>Vous pouvez contacter l\u2019Etude pour obtenir des renseignements compl\u00e9mentaires.<\/p>\t\t\t\t\t\t<\/div>\n\t\t\t\t<\/div>\n\t\t\t\t\t<\/div>\n\t\t<\/div>\n\t\t\t\t\t<\/div>\n\t\t<\/section>\n\t\t\t\t\t<\/div>\n\t\t<\/div>\n\t\t\t\t\t<\/div>\n\t\t<\/section>\n\t\t\t\t<section class=\"elementor-section elementor-top-section elementor-element elementor-element-619d528 elementor-section-height-min-height elementor-section-boxed elementor-section-height-default elementor-section-items-middle\" data-id=\"619d528\" data-element_type=\"section\" data-settings=\"{&quot;background_background&quot;:&quot;classic&quot;,&quot;shape_divider_top&quot;:&quot;tilt&quot;,&quot;shape_divider_bottom&quot;:&quot;tilt&quot;}\">\n\t\t\t\t\t<div class=\"elementor-shape elementor-shape-top\" data-negative=\"false\">\n\t\t\t<svg xmlns=\"http:\/\/www.w3.org\/2000\/svg\" viewBox=\"0 0 1000 100\" preserveAspectRatio=\"none\">\n\t<path class=\"elementor-shape-fill\" d=\"M0,6V0h1000v100L0,6z\"\/>\n<\/svg>\t\t<\/div>\n\t\t\t\t<div class=\"elementor-shape elementor-shape-bottom\" data-negative=\"false\">\n\t\t\t<svg xmlns=\"http:\/\/www.w3.org\/2000\/svg\" viewBox=\"0 0 1000 100\" preserveAspectRatio=\"none\">\n\t<path class=\"elementor-shape-fill\" d=\"M0,6V0h1000v100L0,6z\"\/>\n<\/svg>\t\t<\/div>\n\t\t\t\t\t<div class=\"elementor-container elementor-column-gap-default\">\n\t\t\t\t\t<div class=\"elementor-column elementor-col-100 elementor-top-column elementor-element elementor-element-78e52cd\" data-id=\"78e52cd\" data-element_type=\"column\">\n\t\t\t<div class=\"elementor-widget-wrap elementor-element-populated\">\n\t\t\t\t\t\t<div class=\"elementor-element elementor-element-ff16609 elementor-widget elementor-widget-text-editor\" data-id=\"ff16609\" data-element_type=\"widget\" data-widget_type=\"text-editor.default\">\n\t\t\t\t<div class=\"elementor-widget-container\">\n\t\t\t\t\t\t\t<p>Respect, transparence et disponibilit\u00e9<\/p>\t\t\t\t\t\t<\/div>\n\t\t\t\t<\/div>\n\t\t\t\t\t<\/div>\n\t\t<\/div>\n\t\t\t\t\t<\/div>\n\t\t<\/section>\n\t\t\t\t<section class=\"elementor-section elementor-top-section elementor-element elementor-element-ca82132 elementor-section-boxed elementor-section-height-default elementor-section-height-default\" data-id=\"ca82132\" data-element_type=\"section\">\n\t\t\t\t\t\t<div class=\"elementor-container elementor-column-gap-default\">\n\t\t\t\t\t<div class=\"elementor-column elementor-col-100 elementor-top-column elementor-element elementor-element-f36eea9\" data-id=\"f36eea9\" data-element_type=\"column\">\n\t\t\t<div class=\"elementor-widget-wrap elementor-element-populated\">\n\t\t\t\t\t\t<div class=\"elementor-element elementor-element-05ade24 elementor-widget elementor-widget-text-editor\" data-id=\"05ade24\" data-element_type=\"widget\" data-widget_type=\"text-editor.default\">\n\t\t\t\t<div class=\"elementor-widget-container\">\n\t\t\t\t\t\t\t<p>L\u2019article 519 du Code judiciaire \u00e9num\u00e8re les missions pour lesquelles les Huissiers de Justice sont seuls comp\u00e9tents.<br \/>L\u2019Etude des Huissiers de Justice LAPRAILLE ET ASSOCIES, situ\u00e9e \u00e0 ARLON, NEUFCHATEAU, VIRTON et ETALLE, LIBRAMONT, BASTOGNE vous d\u00e9taillent les principaux services.<\/p>\t\t\t\t\t\t<\/div>\n\t\t\t\t<\/div>\n\t\t\t\t\t<\/div>\n\t\t<\/div>\n\t\t\t\t\t<\/div>\n\t\t<\/section>\n\t\t\t\t<section class=\"elementor-section elementor-top-section elementor-element elementor-element-1969555e elementor-section-boxed elementor-section-height-default elementor-section-height-default\" data-id=\"1969555e\" data-element_type=\"section\" id=\"services\" data-settings=\"{&quot;background_background&quot;:&quot;classic&quot;}\">\n\t\t\t\t\t\t<div class=\"elementor-container elementor-column-gap-no\">\n\t\t\t\t\t<div class=\"elementor-column elementor-col-50 elementor-top-column elementor-element elementor-element-4cd10906\" data-id=\"4cd10906\" data-element_type=\"column\">\n\t\t\t<div class=\"elementor-widget-wrap elementor-element-populated\">\n\t\t\t\t\t\t<div class=\"elementor-element elementor-element-20c7e451 elementor-position-left elementor-view-default elementor-mobile-position-top elementor-vertical-align-top elementor-invisible elementor-widget elementor-widget-icon-box\" data-id=\"20c7e451\" data-element_type=\"widget\" data-settings=\"{&quot;_animation&quot;:&quot;fadeIn&quot;}\" data-widget_type=\"icon-box.default\">\n\t\t\t\t<div class=\"elementor-widget-container\">\n\t\t\t\t\t<div class=\"elementor-icon-box-wrapper\">\n\n\t\t\t\t\t\t<div class=\"elementor-icon-box-icon\">\n\t\t\t\t<a href=\"\/index.php\/recouvrement\/\" class=\"elementor-icon elementor-animation-grow\" tabindex=\"-1\">\n\t\t\t\t<i aria-hidden=\"true\" class=\"far fa-arrow-alt-circle-right\"><\/i>\t\t\t\t<\/a>\n\t\t\t<\/div>\n\t\t\t\n\t\t\t\t\t\t<div class=\"elementor-icon-box-content\">\n\n\t\t\t\t\t\t\t\t\t<h3 class=\"elementor-icon-box-title\">\n\t\t\t\t\t\t<a href=\"\/index.php\/recouvrement\/\" >\n\t\t\t\t\t\t\tRecouvrement de cr\u00e9ances\t\t\t\t\t\t<\/a>\n\t\t\t\t\t<\/h3>\n\t\t\t\t\n\t\t\t\t\t\t\t\t\t<p class=\"elementor-icon-box-description\">\n\t\t\t\t\t\tL\u2019Etude des <b>Huissiers de justice LAPRAILLE &amp; ASSOCIES<\/b> est active dans toute la province du Luxembourg. Entre autres missions, elle effectue le <b>suivi de votre recouvrement de cr\u00e9ances<\/b>, depuis l\u2019envoi de mise en demeure jusqu\u2019\u00e0 sa r\u00e9solution compl\u00e8te.\t\t\t\t\t<\/p>\n\t\t\t\t\n\t\t\t<\/div>\n\t\t\t\n\t\t<\/div>\n\t\t\t\t<\/div>\n\t\t\t\t<\/div>\n\t\t\t\t<div class=\"elementor-element elementor-element-3eea544c elementor-position-left elementor-view-default elementor-mobile-position-top elementor-vertical-align-top elementor-invisible elementor-widget elementor-widget-icon-box\" data-id=\"3eea544c\" data-element_type=\"widget\" data-settings=\"{&quot;_animation&quot;:&quot;fadeIn&quot;}\" data-widget_type=\"icon-box.default\">\n\t\t\t\t<div class=\"elementor-widget-container\">\n\t\t\t\t\t<div class=\"elementor-icon-box-wrapper\">\n\n\t\t\t\t\t\t<div class=\"elementor-icon-box-icon\">\n\t\t\t\t<a href=\"\/index.php\/ventes-publiques\/\" class=\"elementor-icon elementor-animation-grow\" tabindex=\"-1\">\n\t\t\t\t<i aria-hidden=\"true\" class=\"far fa-arrow-alt-circle-right\"><\/i>\t\t\t\t<\/a>\n\t\t\t<\/div>\n\t\t\t\n\t\t\t\t\t\t<div class=\"elementor-icon-box-content\">\n\n\t\t\t\t\t\t\t\t\t<h3 class=\"elementor-icon-box-title\">\n\t\t\t\t\t\t<a href=\"\/index.php\/ventes-publiques\/\" >\n\t\t\t\t\t\t\tVentes publiques\t\t\t\t\t\t<\/a>\n\t\t\t\t\t<\/h3>\n\t\t\t\t\n\t\t\t\t\t\t\t\t\t<p class=\"elementor-icon-box-description\">\n\t\t\t\t\t\tLes <b>ventes publiques<\/b> par huissier de justice sont dites volontaires ou forc\u00e9es. Sur le territoire de la province du Luxembourg, elles ont lieu au sein d\u2019une <b>salle priv\u00e9e<\/b>, sur le <b>march\u00e9 public<\/b>, sur les <b>lieux de la saisie<\/b> (\u00ab vente sur place \u00bb moyennant autorisation du juge des saisies comp\u00e9tent) ou tout autre endroit opportun.\t\t\t\t\t<\/p>\n\t\t\t\t\n\t\t\t<\/div>\n\t\t\t\n\t\t<\/div>\n\t\t\t\t<\/div>\n\t\t\t\t<\/div>\n\t\t\t\t<div class=\"elementor-element elementor-element-141f6783 elementor-position-left elementor-view-default elementor-mobile-position-top elementor-vertical-align-top elementor-invisible elementor-widget elementor-widget-icon-box\" data-id=\"141f6783\" data-element_type=\"widget\" data-settings=\"{&quot;_animation&quot;:&quot;fadeIn&quot;}\" data-widget_type=\"icon-box.default\">\n\t\t\t\t<div class=\"elementor-widget-container\">\n\t\t\t\t\t<div class=\"elementor-icon-box-wrapper\">\n\n\t\t\t\t\t\t<div class=\"elementor-icon-box-icon\">\n\t\t\t\t<a href=\"\/index.php\/information-juridique\/\" class=\"elementor-icon elementor-animation-grow\" tabindex=\"-1\">\n\t\t\t\t<i aria-hidden=\"true\" class=\"far fa-arrow-alt-circle-right\"><\/i>\t\t\t\t<\/a>\n\t\t\t<\/div>\n\t\t\t\n\t\t\t\t\t\t<div class=\"elementor-icon-box-content\">\n\n\t\t\t\t\t\t\t\t\t<h3 class=\"elementor-icon-box-title\">\n\t\t\t\t\t\t<a href=\"\/index.php\/information-juridique\/\" >\n\t\t\t\t\t\t\tInformations juridiques\t\t\t\t\t\t<\/a>\n\t\t\t\t\t<\/h3>\n\t\t\t\t\n\t\t\t\t\t\t\t\t\t<p class=\"elementor-icon-box-description\">\n\t\t\t\t\t\tDans le cadre de chacune de ses missions en province du Luxembourg, votre huissier de justice vous informe quant \u00e0 <b>vos droits et \u00e0 vos obligations<\/b>, <b>conform\u00e9ment \u00e0 la l\u00e9gislation en vigueur<\/b>.\t\t\t\t\t<\/p>\n\t\t\t\t\n\t\t\t<\/div>\n\t\t\t\n\t\t<\/div>\n\t\t\t\t<\/div>\n\t\t\t\t<\/div>\n\t\t\t\t\t<\/div>\n\t\t<\/div>\n\t\t\t\t<div class=\"elementor-column elementor-col-50 elementor-top-column elementor-element elementor-element-8bac4bf\" data-id=\"8bac4bf\" data-element_type=\"column\">\n\t\t\t<div class=\"elementor-widget-wrap elementor-element-populated\">\n\t\t\t\t\t\t<div class=\"elementor-element elementor-element-3f9d7d3d elementor-position-left elementor-view-default elementor-mobile-position-top elementor-vertical-align-top elementor-invisible elementor-widget elementor-widget-icon-box\" data-id=\"3f9d7d3d\" data-element_type=\"widget\" data-settings=\"{&quot;_animation&quot;:&quot;fadeIn&quot;}\" data-widget_type=\"icon-box.default\">\n\t\t\t\t<div class=\"elementor-widget-container\">\n\t\t\t\t\t<div class=\"elementor-icon-box-wrapper\">\n\n\t\t\t\t\t\t<div class=\"elementor-icon-box-icon\">\n\t\t\t\t<a href=\"\/index.php\/constats\" class=\"elementor-icon elementor-animation-grow\" tabindex=\"-1\">\n\t\t\t\t<i aria-hidden=\"true\" class=\"far fa-arrow-alt-circle-right\"><\/i>\t\t\t\t<\/a>\n\t\t\t<\/div>\n\t\t\t\n\t\t\t\t\t\t<div class=\"elementor-icon-box-content\">\n\n\t\t\t\t\t\t\t\t\t<h3 class=\"elementor-icon-box-title\">\n\t\t\t\t\t\t<a href=\"\/index.php\/constats\" >\n\t\t\t\t\t\t\tConstats\t\t\t\t\t\t<\/a>\n\t\t\t\t\t<\/h3>\n\t\t\t\t\n\t\t\t\t\t\t\t\t\t<p class=\"elementor-icon-box-description\">\n\t\t\t\t\t\tLes huissiers de la province du Luxembourg peuvent effectuer pour vous de nombreuses missions, dont <b>le constat<\/b>. D\u00e9couvrez combien cette d\u00e9marche peut \u00eatre utile aux particuliers, aux entrepreneurs, ou \u00e0 une autorit\u00e9 judiciaire.\t\t\t\t\t<\/p>\n\t\t\t\t\n\t\t\t<\/div>\n\t\t\t\n\t\t<\/div>\n\t\t\t\t<\/div>\n\t\t\t\t<\/div>\n\t\t\t\t<div class=\"elementor-element elementor-element-6d53e348 elementor-position-left elementor-view-default elementor-mobile-position-top elementor-vertical-align-top elementor-invisible elementor-widget elementor-widget-icon-box\" data-id=\"6d53e348\" data-element_type=\"widget\" data-settings=\"{&quot;_animation&quot;:&quot;fadeIn&quot;}\" data-widget_type=\"icon-box.default\">\n\t\t\t\t<div class=\"elementor-widget-container\">\n\t\t\t\t\t<div class=\"elementor-icon-box-wrapper\">\n\n\t\t\t\t\t\t<div class=\"elementor-icon-box-icon\">\n\t\t\t\t<a href=\"\/index.php\/redactions-et-significations-dactes\" class=\"elementor-icon elementor-animation-grow\" tabindex=\"-1\">\n\t\t\t\t<i aria-hidden=\"true\" class=\"far fa-arrow-alt-circle-right\"><\/i>\t\t\t\t<\/a>\n\t\t\t<\/div>\n\t\t\t\n\t\t\t\t\t\t<div class=\"elementor-icon-box-content\">\n\n\t\t\t\t\t\t\t\t\t<h3 class=\"elementor-icon-box-title\">\n\t\t\t\t\t\t<a href=\"\/index.php\/redactions-et-significations-dactes\" >\n\t\t\t\t\t\t\tR\u00e9dactions et significations d'actes\t\t\t\t\t\t<\/a>\n\t\t\t\t\t<\/h3>\n\t\t\t\t\n\t\t\t\t\t\t\t\t\t<p class=\"elementor-icon-box-description\">\n\t\t\t\t\t\tEn province du Luxembourg, les Huissiers LAPRAILLE & ASSOCIES sont habilit\u00e9s, entre autres comp\u00e9tences, \u00e0 signifier les actes. Cette <b>proc\u00e9dure sp\u00e9cifique peut \u00eatre initi\u00e9e par un particulier, un professionnel ou par une autorit\u00e9 publique<\/b>.\t\t\t\t\t<\/p>\n\t\t\t\t\n\t\t\t<\/div>\n\t\t\t\n\t\t<\/div>\n\t\t\t\t<\/div>\n\t\t\t\t<\/div>\n\t\t\t\t<div class=\"elementor-element elementor-element-614a511b elementor-position-left elementor-view-default elementor-mobile-position-top elementor-vertical-align-top elementor-invisible elementor-widget elementor-widget-icon-box\" data-id=\"614a511b\" data-element_type=\"widget\" data-settings=\"{&quot;_animation&quot;:&quot;fadeIn&quot;}\" data-widget_type=\"icon-box.default\">\n\t\t\t\t<div class=\"elementor-widget-container\">\n\t\t\t\t\t<div class=\"elementor-icon-box-wrapper\">\n\n\t\t\t\t\t\t<div class=\"elementor-icon-box-icon\">\n\t\t\t\t<a href=\"\/index.php\/factures-impayees-recouvrement-creances-demarches-arlon-luxembourg\" class=\"elementor-icon elementor-animation-grow\" tabindex=\"-1\">\n\t\t\t\t<i aria-hidden=\"true\" class=\"far fa-arrow-alt-circle-right\"><\/i>\t\t\t\t<\/a>\n\t\t\t<\/div>\n\t\t\t\n\t\t\t\t\t\t<div class=\"elementor-icon-box-content\">\n\n\t\t\t\t\t\t\t\t\t<h3 class=\"elementor-icon-box-title\">\n\t\t\t\t\t\t<a href=\"\/index.php\/factures-impayees-recouvrement-creances-demarches-arlon-luxembourg\" >\n\t\t\t\t\t\t\tFactures impay\u00e9es ?\t\t\t\t\t\t<\/a>\n\t\t\t\t\t<\/h3>\n\t\t\t\t\n\t\t\t\t\t\t\t\t\t<p class=\"elementor-icon-box-description\">\n\t\t\t\t\t\tVotre huissier de justice <b>facilite le recouvrement des cr\u00e9ances g\u00e9n\u00e9r\u00e9es dans le cadre de votre activit\u00e9 professionnelle<\/b> gr\u00e2ce \u00e0 l\u2019envoi direct de vos factures impay\u00e9es.\t\t\t\t\t<\/p>\n\t\t\t\t\n\t\t\t<\/div>\n\t\t\t\n\t\t<\/div>\n\t\t\t\t<\/div>\n\t\t\t\t<\/div>\n\t\t\t\t\t<\/div>\n\t\t<\/div>\n\t\t\t\t\t<\/div>\n\t\t<\/section>\n\t\t\t\t<section class=\"elementor-section elementor-top-section elementor-element elementor-element-33a3af5 elementor-section-height-min-height elementor-section-boxed elementor-section-height-default elementor-section-items-middle\" data-id=\"33a3af5\" data-element_type=\"section\" data-settings=\"{&quot;background_background&quot;:&quot;classic&quot;,&quot;shape_divider_top&quot;:&quot;tilt&quot;,&quot;shape_divider_bottom&quot;:&quot;tilt&quot;}\">\n\t\t\t\t\t<div class=\"elementor-shape elementor-shape-top\" data-negative=\"false\">\n\t\t\t<svg xmlns=\"http:\/\/www.w3.org\/2000\/svg\" viewBox=\"0 0 1000 100\" preserveAspectRatio=\"none\">\n\t<path class=\"elementor-shape-fill\" d=\"M0,6V0h1000v100L0,6z\"\/>\n<\/svg>\t\t<\/div>\n\t\t\t\t<div class=\"elementor-shape elementor-shape-bottom\" data-negative=\"false\">\n\t\t\t<svg xmlns=\"http:\/\/www.w3.org\/2000\/svg\" viewBox=\"0 0 1000 100\" preserveAspectRatio=\"none\">\n\t<path class=\"elementor-shape-fill\" d=\"M0,6V0h1000v100L0,6z\"\/>\n<\/svg>\t\t<\/div>\n\t\t\t\t\t<div class=\"elementor-container elementor-column-gap-default\">\n\t\t\t\t\t<div class=\"elementor-column elementor-col-100 elementor-top-column elementor-element elementor-element-df1662d\" data-id=\"df1662d\" data-element_type=\"column\">\n\t\t\t<div class=\"elementor-widget-wrap elementor-element-populated\">\n\t\t\t\t\t\t<div class=\"elementor-element elementor-element-7636753 elementor-widget elementor-widget-text-editor\" data-id=\"7636753\" data-element_type=\"widget\" data-widget_type=\"text-editor.default\">\n\t\t\t\t<div class=\"elementor-widget-container\">\n\t\t\t\t\t\t\t<p>Une \u00e9quipe forte de son exp\u00e9rience<\/p>\t\t\t\t\t\t<\/div>\n\t\t\t\t<\/div>\n\t\t\t\t\t<\/div>\n\t\t<\/div>\n\t\t\t\t\t<\/div>\n\t\t<\/section>\n\t\t\t\t<section class=\"elementor-section elementor-top-section elementor-element elementor-element-6bbed445 elementor-section-height-min-height elementor-section-items-stretch elementor-section-content-middle elementor-section-boxed elementor-section-height-default\" data-id=\"6bbed445\" data-element_type=\"section\" data-settings=\"{&quot;background_background&quot;:&quot;classic&quot;}\">\n\t\t\t\t\t\t\t<div class=\"elementor-background-overlay\"><\/div>\n\t\t\t\t\t\t\t<div class=\"elementor-container elementor-column-gap-no\">\n\t\t\t\t\t<div class=\"elementor-column elementor-col-100 elementor-top-column elementor-element elementor-element-611c1210 elementor-invisible\" data-id=\"611c1210\" data-element_type=\"column\" data-settings=\"{&quot;background_background&quot;:&quot;classic&quot;,&quot;animation&quot;:&quot;slideInRight&quot;,&quot;animation_tablet&quot;:&quot;none&quot;}\">\n\t\t\t<div class=\"elementor-widget-wrap elementor-element-populated\">\n\t\t\t\t\t\t<div class=\"elementor-element elementor-element-147cef07 elementor-widget elementor-widget-heading\" data-id=\"147cef07\" data-element_type=\"widget\" data-widget_type=\"heading.default\">\n\t\t\t\t<div class=\"elementor-widget-container\">\n\t\t\t<h2 class=\"elementor-heading-title elementor-size-default\">L'\u00e9tude Lapraille & associ\u00e9s<\/h2>\t\t<\/div>\n\t\t\t\t<\/div>\n\t\t\t\t<section class=\"elementor-section elementor-inner-section elementor-element elementor-element-1d44dbf6 elementor-section-full_width elementor-section-height-default elementor-section-height-default\" data-id=\"1d44dbf6\" data-element_type=\"section\" data-settings=\"{&quot;animation&quot;:&quot;none&quot;,&quot;background_background&quot;:&quot;classic&quot;}\">\n\t\t\t\t\t\t<div class=\"elementor-container elementor-column-gap-no\">\n\t\t\t\t\t<div class=\"elementor-column elementor-col-25 elementor-inner-column elementor-element elementor-element-1ddd108\" data-id=\"1ddd108\" data-element_type=\"column\">\n\t\t\t<div class=\"elementor-widget-wrap elementor-element-populated\">\n\t\t\t\t\t\t<div class=\"elementor-element elementor-element-33d2038c elementor-position-top elementor-widget elementor-widget-image-box\" data-id=\"33d2038c\" data-element_type=\"widget\" data-widget_type=\"image-box.default\">\n\t\t\t\t<div class=\"elementor-widget-container\">\n\t\t\t<div class=\"elementor-image-box-wrapper\"><figure class=\"elementor-image-box-img\"><img fetchpriority=\"high\" decoding=\"async\" width=\"800\" height=\"1200\" src=\"https:\/\/www.huissier-luxembourg.be\/wp-content\/uploads\/2022\/02\/LAETITIA_LAPRAILLE.jpg\" class=\"attachment-full size-full wp-image-1133\" alt=\"\" srcset=\"https:\/\/www.huissier-luxembourg.be\/wp-content\/uploads\/2022\/02\/LAETITIA_LAPRAILLE.jpg 800w, https:\/\/www.huissier-luxembourg.be\/wp-content\/uploads\/2022\/02\/LAETITIA_LAPRAILLE-200x300.jpg 200w, https:\/\/www.huissier-luxembourg.be\/wp-content\/uploads\/2022\/02\/LAETITIA_LAPRAILLE-683x1024.jpg 683w, https:\/\/www.huissier-luxembourg.be\/wp-content\/uploads\/2022\/02\/LAETITIA_LAPRAILLE-768x1152.jpg 768w\" sizes=\"(max-width: 800px) 100vw, 800px\" \/><\/figure><div class=\"elementor-image-box-content\"><p class=\"elementor-image-box-description\">Laetitia LAPRAILLE<\/p><\/div><\/div>\t\t<\/div>\n\t\t\t\t<\/div>\n\t\t\t\t<div class=\"elementor-element elementor-element-ad7ff6b elementor-mobile-align-center elementor-icon-list--layout-traditional elementor-list-item-link-full_width elementor-widget elementor-widget-icon-list\" data-id=\"ad7ff6b\" data-element_type=\"widget\" data-widget_type=\"icon-list.default\">\n\t\t\t\t<div class=\"elementor-widget-container\">\n\t\t\t\t\t<ul class=\"elementor-icon-list-items\">\n\t\t\t\t\t\t\t<li class=\"elementor-icon-list-item\">\n\t\t\t\t\t\t\t\t\t\t\t<span class=\"elementor-icon-list-icon\">\n\t\t\t\t\t\t\t<i aria-hidden=\"true\" class=\"far fa-circle\"><\/i>\t\t\t\t\t\t<\/span>\n\t\t\t\t\t\t\t\t\t\t<span class=\"elementor-icon-list-text\">Master en droit - UCLouvain 2007<\/span>\n\t\t\t\t\t\t\t\t\t<\/li>\n\t\t\t\t\t\t\t\t<li class=\"elementor-icon-list-item\">\n\t\t\t\t\t\t\t\t\t\t\t<span class=\"elementor-icon-list-icon\">\n\t\t\t\t\t\t\t<i aria-hidden=\"true\" class=\"far fa-circle\"><\/i>\t\t\t\t\t\t<\/span>\n\t\t\t\t\t\t\t\t\t\t<span class=\"elementor-icon-list-text\">M\u00e9diation civile et commerciale (HEC) 2010<\/span>\n\t\t\t\t\t\t\t\t\t<\/li>\n\t\t\t\t\t\t\t\t<li class=\"elementor-icon-list-item\">\n\t\t\t\t\t\t\t\t\t\t\t<span class=\"elementor-icon-list-icon\">\n\t\t\t\t\t\t\t<i aria-hidden=\"true\" class=\"far fa-circle\"><\/i>\t\t\t\t\t\t<\/span>\n\t\t\t\t\t\t\t\t\t\t<span class=\"elementor-icon-list-text\">Huissier de Justice depuis 2017<\/span>\n\t\t\t\t\t\t\t\t\t<\/li>\n\t\t\t\t\t\t\t\t<li class=\"elementor-icon-list-item\">\n\t\t\t\t\t\t\t\t\t\t\t<span class=\"elementor-icon-list-icon\">\n\t\t\t\t\t\t\t<i aria-hidden=\"true\" class=\"far fa-circle\"><\/i>\t\t\t\t\t\t<\/span>\n\t\t\t\t\t\t\t\t\t\t<span class=\"elementor-icon-list-text\">D\u00e9l\u00e9gu\u00e9e A.G de la Chambre Nationale<\/span>\n\t\t\t\t\t\t\t\t\t<\/li>\n\t\t\t\t\t\t\t\t<li class=\"elementor-icon-list-item\">\n\t\t\t\t\t\t\t\t\t\t\t<span class=\"elementor-icon-list-icon\">\n\t\t\t\t\t\t\t<i aria-hidden=\"true\" class=\"far fa-circle\"><\/i>\t\t\t\t\t\t<\/span>\n\t\t\t\t\t\t\t\t\t\t<span class=\"elementor-icon-list-text\">Membre effectif de la commission de nomination des huissiers de justice<\/span>\n\t\t\t\t\t\t\t\t\t<\/li>\n\t\t\t\t\t\t\t\t<li class=\"elementor-icon-list-item\">\n\t\t\t\t\t\t\t\t\t\t\t<span class=\"elementor-icon-list-icon\">\n\t\t\t\t\t\t\t<i aria-hidden=\"true\" class=\"far fa-circle\"><\/i>\t\t\t\t\t\t<\/span>\n\t\t\t\t\t\t\t\t\t\t<span class=\"elementor-icon-list-text\">Vice-pr\u00e9sidente de l'association \"Huissiers de Justice et Candidats de Wallonie\" en abr\u00e9g\u00e9 H.C.W<\/span>\n\t\t\t\t\t\t\t\t\t<\/li>\n\t\t\t\t\t\t\t\t<li class=\"elementor-icon-list-item\">\n\t\t\t\t\t\t\t\t\t\t\t<span class=\"elementor-icon-list-icon\">\n\t\t\t\t\t\t\t<i aria-hidden=\"true\" class=\"far fa-circle\"><\/i>\t\t\t\t\t\t<\/span>\n\t\t\t\t\t\t\t\t\t\t<span class=\"elementor-icon-list-text\">Charg\u00e9e de cours au FOREM et \u00e0 \"L'Observatoire du Cr\u00e9dit et de l'Endettement\" en abr\u00e9g\u00e9 O.C.E<\/span>\n\t\t\t\t\t\t\t\t\t<\/li>\n\t\t\t\t\t\t<\/ul>\n\t\t\t\t<\/div>\n\t\t\t\t<\/div>\n\t\t\t\t\t<\/div>\n\t\t<\/div>\n\t\t\t\t<div class=\"elementor-column elementor-col-25 elementor-inner-column elementor-element elementor-element-482fd0df\" data-id=\"482fd0df\" data-element_type=\"column\">\n\t\t\t<div class=\"elementor-widget-wrap elementor-element-populated\">\n\t\t\t\t\t\t<div class=\"elementor-element elementor-element-7b6bcc90 elementor-position-top elementor-widget elementor-widget-image-box\" data-id=\"7b6bcc90\" data-element_type=\"widget\" data-widget_type=\"image-box.default\">\n\t\t\t\t<div class=\"elementor-widget-container\">\n\t\t\t<div class=\"elementor-image-box-wrapper\"><figure class=\"elementor-image-box-img\"><img decoding=\"async\" width=\"800\" height=\"1200\" src=\"https:\/\/www.huissier-luxembourg.be\/wp-content\/uploads\/2022\/02\/BERNARD_GRAULICH.jpg\" class=\"attachment-full size-full wp-image-1137\" alt=\"\" srcset=\"https:\/\/www.huissier-luxembourg.be\/wp-content\/uploads\/2022\/02\/BERNARD_GRAULICH.jpg 800w, https:\/\/www.huissier-luxembourg.be\/wp-content\/uploads\/2022\/02\/BERNARD_GRAULICH-200x300.jpg 200w, https:\/\/www.huissier-luxembourg.be\/wp-content\/uploads\/2022\/02\/BERNARD_GRAULICH-683x1024.jpg 683w, https:\/\/www.huissier-luxembourg.be\/wp-content\/uploads\/2022\/02\/BERNARD_GRAULICH-768x1152.jpg 768w\" sizes=\"(max-width: 800px) 100vw, 800px\" \/><\/figure><div class=\"elementor-image-box-content\"><p class=\"elementor-image-box-description\">Bernard GRAULICH<\/p><\/div><\/div>\t\t<\/div>\n\t\t\t\t<\/div>\n\t\t\t\t<div class=\"elementor-element elementor-element-9f4328b elementor-mobile-align-center elementor-icon-list--layout-traditional elementor-list-item-link-full_width elementor-widget elementor-widget-icon-list\" data-id=\"9f4328b\" data-element_type=\"widget\" data-widget_type=\"icon-list.default\">\n\t\t\t\t<div class=\"elementor-widget-container\">\n\t\t\t\t\t<ul class=\"elementor-icon-list-items\">\n\t\t\t\t\t\t\t<li class=\"elementor-icon-list-item\">\n\t\t\t\t\t\t\t\t\t\t\t<span class=\"elementor-icon-list-icon\">\n\t\t\t\t\t\t\t<i aria-hidden=\"true\" class=\"far fa-circle\"><\/i>\t\t\t\t\t\t<\/span>\n\t\t\t\t\t\t\t\t\t\t<span class=\"elementor-icon-list-text\">Nomm\u00e9 depuis 1994<\/span>\n\t\t\t\t\t\t\t\t\t<\/li>\n\t\t\t\t\t\t<\/ul>\n\t\t\t\t<\/div>\n\t\t\t\t<\/div>\n\t\t\t\t\t<\/div>\n\t\t<\/div>\n\t\t\t\t<div class=\"elementor-column elementor-col-25 elementor-inner-column elementor-element elementor-element-f2d8073\" data-id=\"f2d8073\" data-element_type=\"column\">\n\t\t\t<div class=\"elementor-widget-wrap elementor-element-populated\">\n\t\t\t\t\t\t<div class=\"elementor-element elementor-element-007ed3d elementor-position-top elementor-widget elementor-widget-image-box\" data-id=\"007ed3d\" data-element_type=\"widget\" data-widget_type=\"image-box.default\">\n\t\t\t\t<div class=\"elementor-widget-container\">\n\t\t\t<div class=\"elementor-image-box-wrapper\"><figure class=\"elementor-image-box-img\"><img decoding=\"async\" width=\"800\" height=\"1200\" src=\"https:\/\/www.huissier-luxembourg.be\/wp-content\/uploads\/2022\/02\/MICHEL_MARNEFFE.jpg\" class=\"attachment-full size-full wp-image-1138\" alt=\"\" srcset=\"https:\/\/www.huissier-luxembourg.be\/wp-content\/uploads\/2022\/02\/MICHEL_MARNEFFE.jpg 800w, https:\/\/www.huissier-luxembourg.be\/wp-content\/uploads\/2022\/02\/MICHEL_MARNEFFE-200x300.jpg 200w, https:\/\/www.huissier-luxembourg.be\/wp-content\/uploads\/2022\/02\/MICHEL_MARNEFFE-683x1024.jpg 683w, https:\/\/www.huissier-luxembourg.be\/wp-content\/uploads\/2022\/02\/MICHEL_MARNEFFE-768x1152.jpg 768w\" sizes=\"(max-width: 800px) 100vw, 800px\" \/><\/figure><div class=\"elementor-image-box-content\"><p class=\"elementor-image-box-description\">Michel MARNEFFE<\/p><\/div><\/div>\t\t<\/div>\n\t\t\t\t<\/div>\n\t\t\t\t<div class=\"elementor-element elementor-element-100a21b elementor-mobile-align-center elementor-icon-list--layout-traditional elementor-list-item-link-full_width elementor-widget elementor-widget-icon-list\" data-id=\"100a21b\" data-element_type=\"widget\" data-widget_type=\"icon-list.default\">\n\t\t\t\t<div class=\"elementor-widget-container\">\n\t\t\t\t\t<ul class=\"elementor-icon-list-items\">\n\t\t\t\t\t\t\t<li class=\"elementor-icon-list-item\">\n\t\t\t\t\t\t\t\t\t\t\t<span class=\"elementor-icon-list-icon\">\n\t\t\t\t\t\t\t<i aria-hidden=\"true\" class=\"far fa-circle\"><\/i>\t\t\t\t\t\t<\/span>\n\t\t\t\t\t\t\t\t\t\t<span class=\"elementor-icon-list-text\">Graduat en droit<\/span>\n\t\t\t\t\t\t\t\t\t<\/li>\n\t\t\t\t\t\t\t\t<li class=\"elementor-icon-list-item\">\n\t\t\t\t\t\t\t\t\t\t\t<span class=\"elementor-icon-list-icon\">\n\t\t\t\t\t\t\t<i aria-hidden=\"true\" class=\"far fa-circle\"><\/i>\t\t\t\t\t\t<\/span>\n\t\t\t\t\t\t\t\t\t\t<span class=\"elementor-icon-list-text\">Nomm\u00e9 depuis 1983<\/span>\n\t\t\t\t\t\t\t\t\t<\/li>\n\t\t\t\t\t\t<\/ul>\n\t\t\t\t<\/div>\n\t\t\t\t<\/div>\n\t\t\t\t\t<\/div>\n\t\t<\/div>\n\t\t\t\t<div class=\"elementor-column elementor-col-25 elementor-inner-column elementor-element elementor-element-6a52f0f6\" data-id=\"6a52f0f6\" data-element_type=\"column\">\n\t\t\t<div class=\"elementor-widget-wrap elementor-element-populated\">\n\t\t\t\t\t\t<div class=\"elementor-element elementor-element-6419ad21 elementor-position-top elementor-widget elementor-widget-image-box\" data-id=\"6419ad21\" data-element_type=\"widget\" data-widget_type=\"image-box.default\">\n\t\t\t\t<div class=\"elementor-widget-container\">\n\t\t\t<div class=\"elementor-image-box-wrapper\"><figure class=\"elementor-image-box-img\"><img loading=\"lazy\" decoding=\"async\" width=\"800\" height=\"1200\" src=\"https:\/\/www.huissier-luxembourg.be\/wp-content\/uploads\/2022\/02\/CLAUDE_PETIT.jpg\" class=\"attachment-full size-full wp-image-1139\" alt=\"\" srcset=\"https:\/\/www.huissier-luxembourg.be\/wp-content\/uploads\/2022\/02\/CLAUDE_PETIT.jpg 800w, https:\/\/www.huissier-luxembourg.be\/wp-content\/uploads\/2022\/02\/CLAUDE_PETIT-200x300.jpg 200w, https:\/\/www.huissier-luxembourg.be\/wp-content\/uploads\/2022\/02\/CLAUDE_PETIT-683x1024.jpg 683w, https:\/\/www.huissier-luxembourg.be\/wp-content\/uploads\/2022\/02\/CLAUDE_PETIT-768x1152.jpg 768w\" sizes=\"(max-width: 800px) 100vw, 800px\" \/><\/figure><div class=\"elementor-image-box-content\"><p class=\"elementor-image-box-description\">Claude PETIT<\/p><\/div><\/div>\t\t<\/div>\n\t\t\t\t<\/div>\n\t\t\t\t<div class=\"elementor-element elementor-element-75f8323 elementor-mobile-align-center elementor-icon-list--layout-traditional elementor-list-item-link-full_width elementor-widget elementor-widget-icon-list\" data-id=\"75f8323\" data-element_type=\"widget\" data-widget_type=\"icon-list.default\">\n\t\t\t\t<div class=\"elementor-widget-container\">\n\t\t\t\t\t<ul class=\"elementor-icon-list-items\">\n\t\t\t\t\t\t\t<li class=\"elementor-icon-list-item\">\n\t\t\t\t\t\t\t\t\t\t\t<span class=\"elementor-icon-list-icon\">\n\t\t\t\t\t\t\t<i aria-hidden=\"true\" class=\"far fa-circle\"><\/i>\t\t\t\t\t\t<\/span>\n\t\t\t\t\t\t\t\t\t\t<span class=\"elementor-icon-list-text\">Nomm\u00e9 depuis 1984<\/span>\n\t\t\t\t\t\t\t\t\t<\/li>\n\t\t\t\t\t\t<\/ul>\n\t\t\t\t<\/div>\n\t\t\t\t<\/div>\n\t\t\t\t\t<\/div>\n\t\t<\/div>\n\t\t\t\t\t<\/div>\n\t\t<\/section>\n\t\t\t\t<section class=\"elementor-section elementor-inner-section elementor-element elementor-element-df52d07 elementor-section-full_width elementor-section-height-default elementor-section-height-default\" data-id=\"df52d07\" data-element_type=\"section\" data-settings=\"{&quot;animation&quot;:&quot;none&quot;,&quot;background_background&quot;:&quot;classic&quot;}\">\n\t\t\t\t\t\t<div class=\"elementor-container elementor-column-gap-no\">\n\t\t\t\t\t<div class=\"elementor-column elementor-col-25 elementor-inner-column elementor-element elementor-element-aef41d9\" data-id=\"aef41d9\" data-element_type=\"column\">\n\t\t\t<div class=\"elementor-widget-wrap elementor-element-populated\">\n\t\t\t\t\t\t<div class=\"elementor-element elementor-element-c1b1e74 elementor-position-top elementor-widget elementor-widget-image-box\" data-id=\"c1b1e74\" data-element_type=\"widget\" data-widget_type=\"image-box.default\">\n\t\t\t\t<div class=\"elementor-widget-container\">\n\t\t\t<div class=\"elementor-image-box-wrapper\"><figure class=\"elementor-image-box-img\"><img loading=\"lazy\" decoding=\"async\" width=\"1000\" height=\"1499\" src=\"https:\/\/www.huissier-luxembourg.be\/wp-content\/uploads\/2023\/01\/IMG_1421_V2.jpg\" class=\"attachment-full size-full wp-image-1920\" alt=\"\" srcset=\"https:\/\/www.huissier-luxembourg.be\/wp-content\/uploads\/2023\/01\/IMG_1421_V2.jpg 1000w, https:\/\/www.huissier-luxembourg.be\/wp-content\/uploads\/2023\/01\/IMG_1421_V2-200x300.jpg 200w, https:\/\/www.huissier-luxembourg.be\/wp-content\/uploads\/2023\/01\/IMG_1421_V2-683x1024.jpg 683w, https:\/\/www.huissier-luxembourg.be\/wp-content\/uploads\/2023\/01\/IMG_1421_V2-768x1151.jpg 768w\" sizes=\"(max-width: 1000px) 100vw, 1000px\" \/><\/figure><div class=\"elementor-image-box-content\"><p class=\"elementor-image-box-description\">Benjamin GRAAS<\/p><\/div><\/div>\t\t<\/div>\n\t\t\t\t<\/div>\n\t\t\t\t<div class=\"elementor-element elementor-element-2b52285 elementor-mobile-align-center elementor-icon-list--layout-traditional elementor-list-item-link-full_width elementor-widget elementor-widget-icon-list\" data-id=\"2b52285\" data-element_type=\"widget\" data-widget_type=\"icon-list.default\">\n\t\t\t\t<div class=\"elementor-widget-container\">\n\t\t\t\t\t<ul class=\"elementor-icon-list-items\">\n\t\t\t\t\t\t\t<li class=\"elementor-icon-list-item\">\n\t\t\t\t\t\t\t\t\t\t\t<span class=\"elementor-icon-list-icon\">\n\t\t\t\t\t\t\t<i aria-hidden=\"true\" class=\"far fa-circle\"><\/i>\t\t\t\t\t\t<\/span>\n\t\t\t\t\t\t\t\t\t\t<span class=\"elementor-icon-list-text\">Master en droit- UCLouvain 2009<\/span>\n\t\t\t\t\t\t\t\t\t<\/li>\n\t\t\t\t\t\t\t\t<li class=\"elementor-icon-list-item\">\n\t\t\t\t\t\t\t\t\t\t\t<span class=\"elementor-icon-list-icon\">\n\t\t\t\t\t\t\t<i aria-hidden=\"true\" class=\"far fa-circle\"><\/i>\t\t\t\t\t\t<\/span>\n\t\t\t\t\t\t\t\t\t\t<span class=\"elementor-icon-list-text\">Huissier de Justice depuis 2019<\/span>\n\t\t\t\t\t\t\t\t\t<\/li>\n\t\t\t\t\t\t\t\t<li class=\"elementor-icon-list-item\">\n\t\t\t\t\t\t\t\t\t\t\t<span class=\"elementor-icon-list-icon\">\n\t\t\t\t\t\t\t<i aria-hidden=\"true\" class=\"far fa-circle\"><\/i>\t\t\t\t\t\t<\/span>\n\t\t\t\t\t\t\t\t\t\t<span class=\"elementor-icon-list-text\">M\u00e9diateur civil et commercial agr\u00e9\u00e9<\/span>\n\t\t\t\t\t\t\t\t\t<\/li>\n\t\t\t\t\t\t<\/ul>\n\t\t\t\t<\/div>\n\t\t\t\t<\/div>\n\t\t\t\t\t<\/div>\n\t\t<\/div>\n\t\t\t\t<div class=\"elementor-column elementor-col-25 elementor-inner-column elementor-element elementor-element-0019713\" data-id=\"0019713\" data-element_type=\"column\">\n\t\t\t<div class=\"elementor-widget-wrap elementor-element-populated\">\n\t\t\t\t\t\t<div class=\"elementor-element elementor-element-02c4857 elementor-position-top elementor-widget elementor-widget-image-box\" data-id=\"02c4857\" data-element_type=\"widget\" data-widget_type=\"image-box.default\">\n\t\t\t\t<div class=\"elementor-widget-container\">\n\t\t\t<div class=\"elementor-image-box-wrapper\"><figure class=\"elementor-image-box-img\"><img loading=\"lazy\" decoding=\"async\" width=\"1000\" height=\"1499\" src=\"https:\/\/www.huissier-luxembourg.be\/wp-content\/uploads\/2025\/04\/Florence-PEKEL.jpg\" class=\"attachment-full size-full wp-image-3937\" alt=\"\" srcset=\"https:\/\/www.huissier-luxembourg.be\/wp-content\/uploads\/2025\/04\/Florence-PEKEL.jpg 1000w, https:\/\/www.huissier-luxembourg.be\/wp-content\/uploads\/2025\/04\/Florence-PEKEL-200x300.jpg 200w, https:\/\/www.huissier-luxembourg.be\/wp-content\/uploads\/2025\/04\/Florence-PEKEL-683x1024.jpg 683w, https:\/\/www.huissier-luxembourg.be\/wp-content\/uploads\/2025\/04\/Florence-PEKEL-768x1151.jpg 768w\" sizes=\"(max-width: 1000px) 100vw, 1000px\" \/><\/figure><div class=\"elementor-image-box-content\"><p class=\"elementor-image-box-description\">Florence PEKEL<\/p><\/div><\/div>\t\t<\/div>\n\t\t\t\t<\/div>\n\t\t\t\t<div class=\"elementor-element elementor-element-3b26307 elementor-mobile-align-center elementor-icon-list--layout-traditional elementor-list-item-link-full_width elementor-widget elementor-widget-icon-list\" data-id=\"3b26307\" data-element_type=\"widget\" data-widget_type=\"icon-list.default\">\n\t\t\t\t<div class=\"elementor-widget-container\">\n\t\t\t\t\t<ul class=\"elementor-icon-list-items\">\n\t\t\t\t\t\t\t<li class=\"elementor-icon-list-item\">\n\t\t\t\t\t\t\t\t\t\t\t<span class=\"elementor-icon-list-icon\">\n\t\t\t\t\t\t\t<i aria-hidden=\"true\" class=\"far fa-circle\"><\/i>\t\t\t\t\t\t<\/span>\n\t\t\t\t\t\t\t\t\t\t<span class=\"elementor-icon-list-text\">Master en droit- UCLouvain 2013<\/span>\n\t\t\t\t\t\t\t\t\t<\/li>\n\t\t\t\t\t\t\t\t<li class=\"elementor-icon-list-item\">\n\t\t\t\t\t\t\t\t\t\t\t<span class=\"elementor-icon-list-icon\">\n\t\t\t\t\t\t\t<i aria-hidden=\"true\" class=\"far fa-circle\"><\/i>\t\t\t\t\t\t<\/span>\n\t\t\t\t\t\t\t\t\t\t<span class=\"elementor-icon-list-text\">M\u00e9diation civile et commerciale 2020<\/span>\n\t\t\t\t\t\t\t\t\t<\/li>\n\t\t\t\t\t\t\t\t<li class=\"elementor-icon-list-item\">\n\t\t\t\t\t\t\t\t\t\t\t<span class=\"elementor-icon-list-icon\">\n\t\t\t\t\t\t\t<i aria-hidden=\"true\" class=\"far fa-circle\"><\/i>\t\t\t\t\t\t<\/span>\n\t\t\t\t\t\t\t\t\t\t<span class=\"elementor-icon-list-text\">Membre du conseil de la chambre d'arrondissement du Luxembourg<\/span>\n\t\t\t\t\t\t\t\t\t<\/li>\n\t\t\t\t\t\t\t\t<li class=\"elementor-icon-list-item\">\n\t\t\t\t\t\t\t\t\t\t\t<span class=\"elementor-icon-list-icon\">\n\t\t\t\t\t\t\t<i aria-hidden=\"true\" class=\"far fa-circle\"><\/i>\t\t\t\t\t\t<\/span>\n\t\t\t\t\t\t\t\t\t\t<span class=\"elementor-icon-list-text\">Certificat interuniversitaire en droit de l'insolvabilit\u00e9 des entreprises - UNamur\/UCLouvain\/ULB\/ULi\u00e8ge<br>2022<\/span>\n\t\t\t\t\t\t\t\t\t<\/li>\n\t\t\t\t\t\t\t\t<li class=\"elementor-icon-list-item\">\n\t\t\t\t\t\t\t\t\t\t\t<span class=\"elementor-icon-list-icon\">\n\t\t\t\t\t\t\t<i aria-hidden=\"true\" class=\"far fa-circle\"><\/i>\t\t\t\t\t\t<\/span>\n\t\t\t\t\t\t\t\t\t\t<span class=\"elementor-icon-list-text\">Huissier de Justice depuis 2024<\/span>\n\t\t\t\t\t\t\t\t\t<\/li>\n\t\t\t\t\t\t<\/ul>\n\t\t\t\t<\/div>\n\t\t\t\t<\/div>\n\t\t\t\t\t<\/div>\n\t\t<\/div>\n\t\t\t\t<div class=\"elementor-column elementor-col-25 elementor-inner-column elementor-element elementor-element-790878c\" data-id=\"790878c\" data-element_type=\"column\">\n\t\t\t<div class=\"elementor-widget-wrap elementor-element-populated\">\n\t\t\t\t\t\t<div class=\"elementor-element elementor-element-d2249ce elementor-position-top elementor-widget elementor-widget-image-box\" data-id=\"d2249ce\" data-element_type=\"widget\" data-widget_type=\"image-box.default\">\n\t\t\t\t<div class=\"elementor-widget-container\">\n\t\t\t<div class=\"elementor-image-box-wrapper\"><figure class=\"elementor-image-box-img\"><img loading=\"lazy\" decoding=\"async\" width=\"1000\" height=\"1500\" src=\"https:\/\/www.huissier-luxembourg.be\/wp-content\/uploads\/2026\/01\/LAPRAILLE_ET_ASSOCIES_HUISSIERS_DE_JUSTICE_PROVINCE_DE_LUXEMBOURG_MAITRE_MATHIEU_JACQUET.png\" class=\"attachment-full size-full wp-image-4478\" alt=\"\" srcset=\"https:\/\/www.huissier-luxembourg.be\/wp-content\/uploads\/2026\/01\/LAPRAILLE_ET_ASSOCIES_HUISSIERS_DE_JUSTICE_PROVINCE_DE_LUXEMBOURG_MAITRE_MATHIEU_JACQUET.png 1000w, https:\/\/www.huissier-luxembourg.be\/wp-content\/uploads\/2026\/01\/LAPRAILLE_ET_ASSOCIES_HUISSIERS_DE_JUSTICE_PROVINCE_DE_LUXEMBOURG_MAITRE_MATHIEU_JACQUET-200x300.png 200w, https:\/\/www.huissier-luxembourg.be\/wp-content\/uploads\/2026\/01\/LAPRAILLE_ET_ASSOCIES_HUISSIERS_DE_JUSTICE_PROVINCE_DE_LUXEMBOURG_MAITRE_MATHIEU_JACQUET-683x1024.png 683w, https:\/\/www.huissier-luxembourg.be\/wp-content\/uploads\/2026\/01\/LAPRAILLE_ET_ASSOCIES_HUISSIERS_DE_JUSTICE_PROVINCE_DE_LUXEMBOURG_MAITRE_MATHIEU_JACQUET-768x1152.png 768w\" sizes=\"(max-width: 1000px) 100vw, 1000px\" \/><\/figure><div class=\"elementor-image-box-content\"><p class=\"elementor-image-box-description\">Mathieu JACQUET<\/p><\/div><\/div>\t\t<\/div>\n\t\t\t\t<\/div>\n\t\t\t\t<div class=\"elementor-element elementor-element-af9e5aa elementor-mobile-align-center elementor-icon-list--layout-traditional elementor-list-item-link-full_width elementor-widget elementor-widget-icon-list\" data-id=\"af9e5aa\" data-element_type=\"widget\" data-widget_type=\"icon-list.default\">\n\t\t\t\t<div class=\"elementor-widget-container\">\n\t\t\t\t\t<ul class=\"elementor-icon-list-items\">\n\t\t\t\t\t\t\t<li class=\"elementor-icon-list-item\">\n\t\t\t\t\t\t\t\t\t\t\t<span class=\"elementor-icon-list-icon\">\n\t\t\t\t\t\t\t<i aria-hidden=\"true\" class=\"far fa-circle\"><\/i>\t\t\t\t\t\t<\/span>\n\t\t\t\t\t\t\t\t\t\t<span class=\"elementor-icon-list-text\">Master en droit - UCLOUVAIN 2012<\/span>\n\t\t\t\t\t\t\t\t\t<\/li>\n\t\t\t\t\t\t\t\t<li class=\"elementor-icon-list-item\">\n\t\t\t\t\t\t\t\t\t\t\t<span class=\"elementor-icon-list-icon\">\n\t\t\t\t\t\t\t<i aria-hidden=\"true\" class=\"far fa-circle\"><\/i>\t\t\t\t\t\t<\/span>\n\t\t\t\t\t\t\t\t\t\t<span class=\"elementor-icon-list-text\">M\u00e9diation Civile et Commerciale 2020<\/span>\n\t\t\t\t\t\t\t\t\t<\/li>\n\t\t\t\t\t\t\t\t<li class=\"elementor-icon-list-item\">\n\t\t\t\t\t\t\t\t\t\t\t<span class=\"elementor-icon-list-icon\">\n\t\t\t\t\t\t\t<i aria-hidden=\"true\" class=\"far fa-circle\"><\/i>\t\t\t\t\t\t<\/span>\n\t\t\t\t\t\t\t\t\t\t<span class=\"elementor-icon-list-text\">Formateur \u00e0 l\u2019Union Francophone des Huissiers de Justice depuis 2021<\/span>\n\t\t\t\t\t\t\t\t\t<\/li>\n\t\t\t\t\t\t\t\t<li class=\"elementor-icon-list-item\">\n\t\t\t\t\t\t\t\t\t\t\t<span class=\"elementor-icon-list-icon\">\n\t\t\t\t\t\t\t<i aria-hidden=\"true\" class=\"far fa-circle\"><\/i>\t\t\t\t\t\t<\/span>\n\t\t\t\t\t\t\t\t\t\t<span class=\"elementor-icon-list-text\">Huissier de Justice depuis 2026<\/span>\n\t\t\t\t\t\t\t\t\t<\/li>\n\t\t\t\t\t\t<\/ul>\n\t\t\t\t<\/div>\n\t\t\t\t<\/div>\n\t\t\t\t\t<\/div>\n\t\t<\/div>\n\t\t\t\t<div class=\"elementor-column elementor-col-25 elementor-inner-column elementor-element elementor-element-98394c3\" data-id=\"98394c3\" data-element_type=\"column\">\n\t\t\t<div class=\"elementor-widget-wrap\">\n\t\t\t\t\t\t\t<\/div>\n\t\t<\/div>\n\t\t\t\t\t<\/div>\n\t\t<\/section>\n\t\t\t\t<section class=\"elementor-section elementor-inner-section elementor-element elementor-element-291becb elementor-section-full_width elementor-section-height-default elementor-section-height-default\" data-id=\"291becb\" data-element_type=\"section\" data-settings=\"{&quot;animation&quot;:&quot;none&quot;,&quot;background_background&quot;:&quot;classic&quot;}\">\n\t\t\t\t\t\t<div class=\"elementor-container elementor-column-gap-no\">\n\t\t\t\t\t<div class=\"elementor-column elementor-col-25 elementor-inner-column elementor-element elementor-element-5c94510\" data-id=\"5c94510\" data-element_type=\"column\">\n\t\t\t<div class=\"elementor-widget-wrap elementor-element-populated\">\n\t\t\t\t\t\t<div class=\"elementor-element elementor-element-c243349 elementor-mobile-align-center elementor-align-center elementor-icon-list--layout-traditional elementor-list-item-link-full_width elementor-widget elementor-widget-icon-list\" data-id=\"c243349\" data-element_type=\"widget\" data-widget_type=\"icon-list.default\">\n\t\t\t\t<div class=\"elementor-widget-container\">\n\t\t\t\t\t<ul class=\"elementor-icon-list-items\">\n\t\t\t\t\t\t\t<li class=\"elementor-icon-list-item\">\n\t\t\t\t\t\t\t\t\t\t<span class=\"elementor-icon-list-text\">Huissier de justice retrait\u00e9 ayant exerc\u00e9 au sein de l\u2019\u00c9tude<\/span>\n\t\t\t\t\t\t\t\t\t<\/li>\n\t\t\t\t\t\t<\/ul>\n\t\t\t\t<\/div>\n\t\t\t\t<\/div>\n\t\t\t\t<div class=\"elementor-element elementor-element-57ecc24 elementor-position-top elementor-widget elementor-widget-image-box\" data-id=\"57ecc24\" data-element_type=\"widget\" data-widget_type=\"image-box.default\">\n\t\t\t\t<div class=\"elementor-widget-container\">\n\t\t\t<div class=\"elementor-image-box-wrapper\"><figure class=\"elementor-image-box-img\"><img loading=\"lazy\" decoding=\"async\" width=\"1000\" height=\"1500\" src=\"https:\/\/www.huissier-luxembourg.be\/wp-content\/uploads\/2022\/12\/mignon.jpg\" class=\"attachment-full size-full wp-image-1854\" alt=\"\" srcset=\"https:\/\/www.huissier-luxembourg.be\/wp-content\/uploads\/2022\/12\/mignon.jpg 1000w, https:\/\/www.huissier-luxembourg.be\/wp-content\/uploads\/2022\/12\/mignon-200x300.jpg 200w, https:\/\/www.huissier-luxembourg.be\/wp-content\/uploads\/2022\/12\/mignon-683x1024.jpg 683w, https:\/\/www.huissier-luxembourg.be\/wp-content\/uploads\/2022\/12\/mignon-768x1152.jpg 768w\" sizes=\"(max-width: 1000px) 100vw, 1000px\" \/><\/figure><div class=\"elementor-image-box-content\"><p class=\"elementor-image-box-description\">Marcel MIGNON<\/p><\/div><\/div>\t\t<\/div>\n\t\t\t\t<\/div>\n\t\t\t\t<div class=\"elementor-element elementor-element-f20e65f elementor-mobile-align-center elementor-icon-list--layout-traditional elementor-list-item-link-full_width elementor-widget elementor-widget-icon-list\" data-id=\"f20e65f\" data-element_type=\"widget\" data-widget_type=\"icon-list.default\">\n\t\t\t\t<div class=\"elementor-widget-container\">\n\t\t\t\t\t<ul class=\"elementor-icon-list-items\">\n\t\t\t\t\t\t\t<li class=\"elementor-icon-list-item\">\n\t\t\t\t\t\t\t\t\t\t\t<span class=\"elementor-icon-list-icon\">\n\t\t\t\t\t\t\t<i aria-hidden=\"true\" class=\"far fa-circle\"><\/i>\t\t\t\t\t\t<\/span>\n\t\t\t\t\t\t\t\t\t\t<span class=\"elementor-icon-list-text\">Huissier de Justice Honoraire<\/span>\n\t\t\t\t\t\t\t\t\t<\/li>\n\t\t\t\t\t\t\t\t<li class=\"elementor-icon-list-item\">\n\t\t\t\t\t\t\t\t\t\t\t<span class=\"elementor-icon-list-icon\">\n\t\t\t\t\t\t\t<i aria-hidden=\"true\" class=\"far fa-circle\"><\/i>\t\t\t\t\t\t<\/span>\n\t\t\t\t\t\t\t\t\t\t<span class=\"elementor-icon-list-text\">Huissier de Justice de 1977 \u00e0 2025<\/span>\n\t\t\t\t\t\t\t\t\t<\/li>\n\t\t\t\t\t\t\t\t<li class=\"elementor-icon-list-item\">\n\t\t\t\t\t\t\t\t\t\t\t<span class=\"elementor-icon-list-icon\">\n\t\t\t\t\t\t\t<i aria-hidden=\"true\" class=\"far fa-circle\"><\/i>\t\t\t\t\t\t<\/span>\n\t\t\t\t\t\t\t\t\t\t<span class=\"elementor-icon-list-text\">De 1979 \u00e0 1993 : d\u00e9l\u00e9gu\u00e9 effectif au Conseil Permanent de la Chambre Nationale<\/span>\n\t\t\t\t\t\t\t\t\t<\/li>\n\t\t\t\t\t\t\t\t<li class=\"elementor-icon-list-item\">\n\t\t\t\t\t\t\t\t\t\t\t<span class=\"elementor-icon-list-icon\">\n\t\t\t\t\t\t\t<i aria-hidden=\"true\" class=\"far fa-circle\"><\/i>\t\t\t\t\t\t<\/span>\n\t\t\t\t\t\t\t\t\t\t<span class=\"elementor-icon-list-text\">De 1985 \u00e0 2017 et de 2018 \u00e0 2020: Syndic \u2013 Pr\u00e9sident du Conseil de la Chambre d\u2019Arrondissement des Huissiers de Justice de l\u2019arrondissement de Neufch\u00e2teau puis du Luxembourg<\/span>\n\t\t\t\t\t\t\t\t\t<\/li>\n\t\t\t\t\t\t\t\t<li class=\"elementor-icon-list-item\">\n\t\t\t\t\t\t\t\t\t\t\t<span class=\"elementor-icon-list-icon\">\n\t\t\t\t\t\t\t<i aria-hidden=\"true\" class=\"far fa-circle\"><\/i>\t\t\t\t\t\t<\/span>\n\t\t\t\t\t\t\t\t\t\t<span class=\"elementor-icon-list-text\">De 1980 \u00e0 2000 : membre effectif de la Commission d\u2019examen de Candidat Huissier de Justice<\/span>\n\t\t\t\t\t\t\t\t\t<\/li>\n\t\t\t\t\t\t\t\t<li class=\"elementor-icon-list-item\">\n\t\t\t\t\t\t\t\t\t\t\t<span class=\"elementor-icon-list-icon\">\n\t\t\t\t\t\t\t<i aria-hidden=\"true\" class=\"far fa-circle\"><\/i>\t\t\t\t\t\t<\/span>\n\t\t\t\t\t\t\t\t\t\t<span class=\"elementor-icon-list-text\">De 1993 \u00e0 2002 : membre effectif du Comit\u00e9 de Direction de la Chambre Nationale<\/span>\n\t\t\t\t\t\t\t\t\t<\/li>\n\t\t\t\t\t\t\t\t<li class=\"elementor-icon-list-item\">\n\t\t\t\t\t\t\t\t\t\t\t<span class=\"elementor-icon-list-icon\">\n\t\t\t\t\t\t\t<i aria-hidden=\"true\" class=\"far fa-circle\"><\/i>\t\t\t\t\t\t<\/span>\n\t\t\t\t\t\t\t\t\t\t<span class=\"elementor-icon-list-text\">D\u2019avril 2002 \u00e0 septembre 2009 : Pr\u00e9sident de la Chambre Nationale des Huissiers de Justice de Belgique<\/span>\n\t\t\t\t\t\t\t\t\t<\/li>\n\t\t\t\t\t\t\t\t<li class=\"elementor-icon-list-item\">\n\t\t\t\t\t\t\t\t\t\t\t<span class=\"elementor-icon-list-icon\">\n\t\t\t\t\t\t\t<i aria-hidden=\"true\" class=\"far fa-circle\"><\/i>\t\t\t\t\t\t<\/span>\n\t\t\t\t\t\t\t\t\t\t<span class=\"elementor-icon-list-text\">De mai 2014 \u00e0 2018 : membre effectif et Pr\u00e9sident de la Commission de nomination des Huissiers de justice<\/span>\n\t\t\t\t\t\t\t\t\t<\/li>\n\t\t\t\t\t\t\t\t<li class=\"elementor-icon-list-item\">\n\t\t\t\t\t\t\t\t\t\t\t<span class=\"elementor-icon-list-icon\">\n\t\t\t\t\t\t\t<i aria-hidden=\"true\" class=\"far fa-circle\"><\/i>\t\t\t\t\t\t<\/span>\n\t\t\t\t\t\t\t\t\t\t<span class=\"elementor-icon-list-text\">Pr\u00e9sident Honoraire de la Chambre Nationale des Huissiers de Justice de Belgique<\/span>\n\t\t\t\t\t\t\t\t\t<\/li>\n\t\t\t\t\t\t<\/ul>\n\t\t\t\t<\/div>\n\t\t\t\t<\/div>\n\t\t\t\t\t<\/div>\n\t\t<\/div>\n\t\t\t\t<div class=\"elementor-column elementor-col-25 elementor-inner-column elementor-element elementor-element-240f910\" data-id=\"240f910\" data-element_type=\"column\">\n\t\t\t<div class=\"elementor-widget-wrap elementor-element-populated\">\n\t\t\t\t\t\t<div class=\"elementor-element elementor-element-f148300 elementor-mobile-align-center elementor-align-center elementor-icon-list--layout-traditional elementor-list-item-link-full_width elementor-widget elementor-widget-icon-list\" data-id=\"f148300\" data-element_type=\"widget\" data-widget_type=\"icon-list.default\">\n\t\t\t\t<div class=\"elementor-widget-container\">\n\t\t\t\t\t<ul class=\"elementor-icon-list-items\">\n\t\t\t\t\t\t\t<li class=\"elementor-icon-list-item\">\n\t\t\t\t\t\t\t\t\t\t<span class=\"elementor-icon-list-text\">Huissier de justice retrait\u00e9 ayant exerc\u00e9 au sein de l\u2019\u00c9tude<\/span>\n\t\t\t\t\t\t\t\t\t<\/li>\n\t\t\t\t\t\t<\/ul>\n\t\t\t\t<\/div>\n\t\t\t\t<\/div>\n\t\t\t\t<div class=\"elementor-element elementor-element-9023048 elementor-position-top elementor-widget elementor-widget-image-box\" data-id=\"9023048\" data-element_type=\"widget\" data-widget_type=\"image-box.default\">\n\t\t\t\t<div class=\"elementor-widget-container\">\n\t\t\t<div class=\"elementor-image-box-wrapper\"><figure class=\"elementor-image-box-img\"><img loading=\"lazy\" decoding=\"async\" width=\"1000\" height=\"1499\" src=\"https:\/\/www.huissier-luxembourg.be\/wp-content\/uploads\/2022\/12\/jentges.jpg\" class=\"attachment-full size-full wp-image-1855\" alt=\"\" srcset=\"https:\/\/www.huissier-luxembourg.be\/wp-content\/uploads\/2022\/12\/jentges.jpg 1000w, https:\/\/www.huissier-luxembourg.be\/wp-content\/uploads\/2022\/12\/jentges-200x300.jpg 200w, https:\/\/www.huissier-luxembourg.be\/wp-content\/uploads\/2022\/12\/jentges-683x1024.jpg 683w, https:\/\/www.huissier-luxembourg.be\/wp-content\/uploads\/2022\/12\/jentges-768x1151.jpg 768w\" sizes=\"(max-width: 1000px) 100vw, 1000px\" \/><\/figure><div class=\"elementor-image-box-content\"><p class=\"elementor-image-box-description\">Jacques JENTGES<\/p><\/div><\/div>\t\t<\/div>\n\t\t\t\t<\/div>\n\t\t\t\t<div class=\"elementor-element elementor-element-1a57bf5 elementor-mobile-align-center elementor-icon-list--layout-traditional elementor-list-item-link-full_width elementor-widget elementor-widget-icon-list\" data-id=\"1a57bf5\" data-element_type=\"widget\" data-widget_type=\"icon-list.default\">\n\t\t\t\t<div class=\"elementor-widget-container\">\n\t\t\t\t\t<ul class=\"elementor-icon-list-items\">\n\t\t\t\t\t\t\t<li class=\"elementor-icon-list-item\">\n\t\t\t\t\t\t\t\t\t\t\t<span class=\"elementor-icon-list-icon\">\n\t\t\t\t\t\t\t<i aria-hidden=\"true\" class=\"far fa-circle\"><\/i>\t\t\t\t\t\t<\/span>\n\t\t\t\t\t\t\t\t\t\t<span class=\"elementor-icon-list-text\">Huissier de Justice de 1982 \u00e0 2025<\/span>\n\t\t\t\t\t\t\t\t\t<\/li>\n\t\t\t\t\t\t<\/ul>\n\t\t\t\t<\/div>\n\t\t\t\t<\/div>\n\t\t\t\t\t<\/div>\n\t\t<\/div>\n\t\t\t\t<div class=\"elementor-column elementor-col-25 elementor-inner-column elementor-element elementor-element-a83adf1\" data-id=\"a83adf1\" data-element_type=\"column\">\n\t\t\t<div class=\"elementor-widget-wrap\">\n\t\t\t\t\t\t\t<\/div>\n\t\t<\/div>\n\t\t\t\t<div class=\"elementor-column elementor-col-25 elementor-inner-column elementor-element elementor-element-4418f7d\" data-id=\"4418f7d\" data-element_type=\"column\">\n\t\t\t<div class=\"elementor-widget-wrap\">\n\t\t\t\t\t\t\t<\/div>\n\t\t<\/div>\n\t\t\t\t\t<\/div>\n\t\t<\/section>\n\t\t\t\t\t<\/div>\n\t\t<\/div>\n\t\t\t\t\t<\/div>\n\t\t<\/section>\n\t\t\t\t<section class=\"elementor-section elementor-top-section elementor-element elementor-element-f15ad0e elementor-section-height-min-height elementor-section-boxed elementor-section-height-default elementor-section-items-middle\" data-id=\"f15ad0e\" data-element_type=\"section\" data-settings=\"{&quot;background_background&quot;:&quot;classic&quot;,&quot;shape_divider_top&quot;:&quot;tilt&quot;,&quot;shape_divider_bottom&quot;:&quot;tilt&quot;}\">\n\t\t\t\t\t<div class=\"elementor-shape elementor-shape-top\" data-negative=\"false\">\n\t\t\t<svg xmlns=\"http:\/\/www.w3.org\/2000\/svg\" viewBox=\"0 0 1000 100\" preserveAspectRatio=\"none\">\n\t<path class=\"elementor-shape-fill\" d=\"M0,6V0h1000v100L0,6z\"\/>\n<\/svg>\t\t<\/div>\n\t\t\t\t<div class=\"elementor-shape elementor-shape-bottom\" data-negative=\"false\">\n\t\t\t<svg xmlns=\"http:\/\/www.w3.org\/2000\/svg\" viewBox=\"0 0 1000 100\" preserveAspectRatio=\"none\">\n\t<path class=\"elementor-shape-fill\" d=\"M0,6V0h1000v100L0,6z\"\/>\n<\/svg>\t\t<\/div>\n\t\t\t\t\t<div class=\"elementor-container elementor-column-gap-default\">\n\t\t\t\t\t<div class=\"elementor-column elementor-col-100 elementor-top-column elementor-element elementor-element-3aded92\" data-id=\"3aded92\" data-element_type=\"column\">\n\t\t\t<div class=\"elementor-widget-wrap elementor-element-populated\">\n\t\t\t\t\t\t<div class=\"elementor-element elementor-element-ca963e0 elementor-widget elementor-widget-text-editor\" data-id=\"ca963e0\" data-element_type=\"widget\" data-widget_type=\"text-editor.default\">\n\t\t\t\t<div class=\"elementor-widget-container\">\n\t\t\t\t\t\t\t<p>Garantir une gestion efficace de vos dossiers<\/p>\t\t\t\t\t\t<\/div>\n\t\t\t\t<\/div>\n\t\t\t\t\t<\/div>\n\t\t<\/div>\n\t\t\t\t\t<\/div>\n\t\t<\/section>\n\t\t\t\t<section class=\"elementor-section elementor-top-section elementor-element elementor-element-900d718 elementor-section-boxed elementor-section-height-default elementor-section-height-default\" data-id=\"900d718\" data-element_type=\"section\">\n\t\t\t\t\t\t<div class=\"elementor-container elementor-column-gap-default\">\n\t\t\t\t\t<div class=\"elementor-column elementor-col-100 elementor-top-column elementor-element elementor-element-53eee23\" data-id=\"53eee23\" data-element_type=\"column\">\n\t\t\t<div class=\"elementor-widget-wrap elementor-element-populated\">\n\t\t\t\t\t\t<div class=\"elementor-element elementor-element-947b4fd elementor-widget elementor-widget-text-editor\" data-id=\"947b4fd\" data-element_type=\"widget\" data-widget_type=\"text-editor.default\">\n\t\t\t\t<div class=\"elementor-widget-container\">\n\t\t\t\t\t\t\t<p>L&rsquo;\u00e9tude dispose<\/p><ul><li>d\u2019un<strong>\u00a0logiciel sp\u00e9cifique<\/strong>, avec la possibilit\u00e9 d\u2019obtenir un\u00a0<strong>acc\u00e8s web client et d\u00e9biteur gratuit<\/strong>\u00a0;<\/li><li>d&rsquo;une<strong>\u00a0application<\/strong>\u00a0d\u00e9di\u00e9e \u00e0 la r\u00e9daction des\u00a0<strong>PV de constatations<\/strong>\u00a0;<\/li><li>d\u2019une\u00a0<strong>centrale t\u00e9l\u00e9phonique<\/strong>\u00a0;<\/li><li>d\u2019un\u00a0<strong>terminal de paiement Bancontact<\/strong>\u00a0<strong>fixe<\/strong>\u00a0et un second\u00a0<strong>portatif<\/strong>.<\/li><\/ul>\t\t\t\t\t\t<\/div>\n\t\t\t\t<\/div>\n\t\t\t\t<div class=\"elementor-element elementor-element-a2dbd86 elementor-align-right elementor-widget elementor-widget-button\" data-id=\"a2dbd86\" data-element_type=\"widget\" data-widget_type=\"button.default\">\n\t\t\t\t<div class=\"elementor-widget-container\">\n\t\t\t\t\t<div class=\"elementor-button-wrapper\">\n\t\t\t<a class=\"elementor-button elementor-button-link elementor-size-sm\" href=\"https:\/\/debiteur.huissiersluxembourg.be\/\" target=\"_blank\">\n\t\t\t\t\t\t<span class=\"elementor-button-content-wrapper\">\n\t\t\t\t\t\t<span class=\"elementor-button-icon elementor-align-icon-right\">\n\t\t\t\t<i aria-hidden=\"true\" class=\"fas fa-arrow-alt-circle-right\"><\/i>\t\t\t<\/span>\n\t\t\t\t\t\t\t\t\t<span class=\"elementor-button-text\">Mon dossier en ligne<\/span>\n\t\t\t\t\t<\/span>\n\t\t\t\t\t<\/a>\n\t\t<\/div>\n\t\t\t\t<\/div>\n\t\t\t\t<\/div>\n\t\t\t\t\t<\/div>\n\t\t<\/div>\n\t\t\t\t\t<\/div>\n\t\t<\/section>\n\t\t\t\t<section class=\"elementor-section elementor-top-section elementor-element elementor-element-1429ac9 elementor-section-height-min-height elementor-section-boxed elementor-section-height-default elementor-section-items-middle\" data-id=\"1429ac9\" data-element_type=\"section\" data-settings=\"{&quot;background_background&quot;:&quot;classic&quot;,&quot;shape_divider_top&quot;:&quot;tilt&quot;,&quot;shape_divider_bottom&quot;:&quot;tilt&quot;}\">\n\t\t\t\t\t<div class=\"elementor-shape elementor-shape-top\" data-negative=\"false\">\n\t\t\t<svg xmlns=\"http:\/\/www.w3.org\/2000\/svg\" viewBox=\"0 0 1000 100\" preserveAspectRatio=\"none\">\n\t<path class=\"elementor-shape-fill\" d=\"M0,6V0h1000v100L0,6z\"\/>\n<\/svg>\t\t<\/div>\n\t\t\t\t<div class=\"elementor-shape elementor-shape-bottom\" data-negative=\"false\">\n\t\t\t<svg xmlns=\"http:\/\/www.w3.org\/2000\/svg\" viewBox=\"0 0 1000 100\" preserveAspectRatio=\"none\">\n\t<path class=\"elementor-shape-fill\" d=\"M0,6V0h1000v100L0,6z\"\/>\n<\/svg>\t\t<\/div>\n\t\t\t\t\t<div class=\"elementor-container elementor-column-gap-default\">\n\t\t\t\t\t<div class=\"elementor-column elementor-col-100 elementor-top-column elementor-element elementor-element-bad3bcc\" data-id=\"bad3bcc\" data-element_type=\"column\">\n\t\t\t<div class=\"elementor-widget-wrap elementor-element-populated\">\n\t\t\t\t\t\t<div class=\"elementor-element elementor-element-3edb8d2 elementor-widget elementor-widget-text-editor\" data-id=\"3edb8d2\" data-element_type=\"widget\" data-widget_type=\"text-editor.default\">\n\t\t\t\t<div class=\"elementor-widget-container\">\n\t\t\t\t\t\t\t<p>Nos derni\u00e8res actualit\u00e9s<\/p>\t\t\t\t\t\t<\/div>\n\t\t\t\t<\/div>\n\t\t\t\t\t<\/div>\n\t\t<\/div>\n\t\t\t\t\t<\/div>\n\t\t<\/section>\n\t\t\t\t<section class=\"elementor-section elementor-top-section elementor-element elementor-element-39b4973 elementor-section-boxed elementor-section-height-default elementor-section-height-default\" data-id=\"39b4973\" data-element_type=\"section\">\n\t\t\t\t\t\t<div class=\"elementor-container elementor-column-gap-default\">\n\t\t\t\t\t<div class=\"elementor-column elementor-col-100 elementor-top-column elementor-element elementor-element-4e77af4\" data-id=\"4e77af4\" data-element_type=\"column\">\n\t\t\t<div class=\"elementor-widget-wrap elementor-element-populated\">\n\t\t\t\t\t\t<div class=\"elementor-element elementor-element-46dae8b elementor-grid-tablet-3 elementor-grid-3 elementor-grid-mobile-1 elementor-posts--thumbnail-top elementor-widget elementor-widget-posts\" data-id=\"46dae8b\" data-element_type=\"widget\" data-settings=\"{&quot;classic_columns_tablet&quot;:&quot;3&quot;,&quot;classic_columns&quot;:&quot;3&quot;,&quot;classic_columns_mobile&quot;:&quot;1&quot;,&quot;classic_row_gap&quot;:{&quot;unit&quot;:&quot;px&quot;,&quot;size&quot;:35,&quot;sizes&quot;:[]},&quot;classic_row_gap_tablet&quot;:{&quot;unit&quot;:&quot;px&quot;,&quot;size&quot;:&quot;&quot;,&quot;sizes&quot;:[]},&quot;classic_row_gap_mobile&quot;:{&quot;unit&quot;:&quot;px&quot;,&quot;size&quot;:&quot;&quot;,&quot;sizes&quot;:[]}}\" data-widget_type=\"posts.classic\">\n\t\t\t\t<div class=\"elementor-widget-container\">\n\t\t\t\t\t<div class=\"elementor-posts-container elementor-posts elementor-posts--skin-classic elementor-grid\">\n\t\t\t\t<article class=\"elementor-post elementor-grid-item post-511 post type-post status-publish format-standard has-post-thumbnail hentry category-tout-voir category-videos\">\n\t\t\t\t<a class=\"elementor-post__thumbnail__link\" href=\"https:\/\/www.huissier-luxembourg.be\/index.php\/2021\/03\/15\/le-constat-dhuissier\/\" >\n\t\t\t<div class=\"elementor-post__thumbnail\"><img loading=\"lazy\" decoding=\"async\" width=\"1920\" height=\"1080\" src=\"https:\/\/www.huissier-luxembourg.be\/wp-content\/uploads\/2021\/03\/VIGNETTES_LAPRAILLE_Plan-de-travail-1.jpg\" class=\"attachment-full size-full wp-image-1178\" alt=\"\" srcset=\"https:\/\/www.huissier-luxembourg.be\/wp-content\/uploads\/2021\/03\/VIGNETTES_LAPRAILLE_Plan-de-travail-1.jpg 1920w, https:\/\/www.huissier-luxembourg.be\/wp-content\/uploads\/2021\/03\/VIGNETTES_LAPRAILLE_Plan-de-travail-1-300x169.jpg 300w, https:\/\/www.huissier-luxembourg.be\/wp-content\/uploads\/2021\/03\/VIGNETTES_LAPRAILLE_Plan-de-travail-1-1024x576.jpg 1024w, https:\/\/www.huissier-luxembourg.be\/wp-content\/uploads\/2021\/03\/VIGNETTES_LAPRAILLE_Plan-de-travail-1-768x432.jpg 768w, https:\/\/www.huissier-luxembourg.be\/wp-content\/uploads\/2021\/03\/VIGNETTES_LAPRAILLE_Plan-de-travail-1-1536x864.jpg 1536w, https:\/\/www.huissier-luxembourg.be\/wp-content\/uploads\/2021\/03\/VIGNETTES_LAPRAILLE_Plan-de-travail-1-1320x743.jpg 1320w\" sizes=\"(max-width: 1920px) 100vw, 1920px\" \/><\/div>\n\t\t<\/a>\n\t\t\t\t<div class=\"elementor-post__text\">\n\t\t\t\t<h3 class=\"elementor-post__title\">\n\t\t\t<a href=\"https:\/\/www.huissier-luxembourg.be\/index.php\/2021\/03\/15\/le-constat-dhuissier\/\" >\n\t\t\t\tLe constat d&rsquo;huissier\t\t\t<\/a>\n\t\t<\/h3>\n\t\t\t\t<div class=\"elementor-post__meta-data\">\n\t\t\t\t\t<span class=\"elementor-post-date\">\n\t\t\t15 mars 2021\t\t<\/span>\n\t\t\t\t<\/div>\n\t\t\t\t<div class=\"elementor-post__excerpt\">\n\t\t\t<p>Le constat comme preuve irr\u00e9futable en vue d&rsquo;\u00e9viter ou de solutionner un litige. Cette vid\u00e9o illustre de mani\u00e8re non exhaustive les cas concrets.<\/p>\n\t\t<\/div>\n\t\t\n\t\t<a class=\"elementor-post__read-more\" href=\"https:\/\/www.huissier-luxembourg.be\/index.php\/2021\/03\/15\/le-constat-dhuissier\/\" aria-label=\"En savoir plus sur Le constat d&rsquo;huissier\" >\n\t\t\tLire plus \u00bb\t\t<\/a>\n\n\t\t\t\t<\/div>\n\t\t\t\t<\/article>\n\t\t\t\t<article class=\"elementor-post elementor-grid-item post-517 post type-post status-publish format-standard has-post-thumbnail hentry category-tout-voir category-videos\">\n\t\t\t\t<a class=\"elementor-post__thumbnail__link\" href=\"https:\/\/www.huissier-luxembourg.be\/index.php\/2021\/04\/16\/la-recuperation-dimpayes-entre-entreprises\/\" >\n\t\t\t<div class=\"elementor-post__thumbnail\"><img loading=\"lazy\" decoding=\"async\" width=\"1921\" height=\"1081\" src=\"https:\/\/www.huissier-luxembourg.be\/wp-content\/uploads\/2021\/04\/VIGNETTES_LAPRAILLE_Plan-de-travail-1-copie-2.jpg\" class=\"attachment-full size-full wp-image-1176\" alt=\"\" srcset=\"https:\/\/www.huissier-luxembourg.be\/wp-content\/uploads\/2021\/04\/VIGNETTES_LAPRAILLE_Plan-de-travail-1-copie-2.jpg 1921w, https:\/\/www.huissier-luxembourg.be\/wp-content\/uploads\/2021\/04\/VIGNETTES_LAPRAILLE_Plan-de-travail-1-copie-2-300x169.jpg 300w, https:\/\/www.huissier-luxembourg.be\/wp-content\/uploads\/2021\/04\/VIGNETTES_LAPRAILLE_Plan-de-travail-1-copie-2-1024x576.jpg 1024w, https:\/\/www.huissier-luxembourg.be\/wp-content\/uploads\/2021\/04\/VIGNETTES_LAPRAILLE_Plan-de-travail-1-copie-2-768x432.jpg 768w, https:\/\/www.huissier-luxembourg.be\/wp-content\/uploads\/2021\/04\/VIGNETTES_LAPRAILLE_Plan-de-travail-1-copie-2-1536x864.jpg 1536w, https:\/\/www.huissier-luxembourg.be\/wp-content\/uploads\/2021\/04\/VIGNETTES_LAPRAILLE_Plan-de-travail-1-copie-2-1320x743.jpg 1320w\" sizes=\"(max-width: 1921px) 100vw, 1921px\" \/><\/div>\n\t\t<\/a>\n\t\t\t\t<div class=\"elementor-post__text\">\n\t\t\t\t<h3 class=\"elementor-post__title\">\n\t\t\t<a href=\"https:\/\/www.huissier-luxembourg.be\/index.php\/2021\/04\/16\/la-recuperation-dimpayes-entre-entreprises\/\" >\n\t\t\t\tLa r\u00e9cup\u00e9ration d&rsquo;impay\u00e9s entre entreprises\t\t\t<\/a>\n\t\t<\/h3>\n\t\t\t\t<div class=\"elementor-post__meta-data\">\n\t\t\t\t\t<span class=\"elementor-post-date\">\n\t\t\t16 avril 2021\t\t<\/span>\n\t\t\t\t<\/div>\n\t\t\t\t<div class=\"elementor-post__excerpt\">\n\t\t\t<p>Vous \u00eates une entreprise et dans le cadre de vos affaires, un de vos clients, entrepreneur \u00e9galement, vous est redevable d&rsquo;une ou plusieurs factures.<br \/>\nVous ne savez pas comment vous y prendre pour r\u00e9cup\u00e9rer ce montant ?<br \/>\nOn vous explique tout  !<\/p>\n\t\t<\/div>\n\t\t\n\t\t<a class=\"elementor-post__read-more\" href=\"https:\/\/www.huissier-luxembourg.be\/index.php\/2021\/04\/16\/la-recuperation-dimpayes-entre-entreprises\/\" aria-label=\"En savoir plus sur La r\u00e9cup\u00e9ration d&rsquo;impay\u00e9s entre entreprises\" >\n\t\t\tLire plus \u00bb\t\t<\/a>\n\n\t\t\t\t<\/div>\n\t\t\t\t<\/article>\n\t\t\t\t<article class=\"elementor-post elementor-grid-item post-2167 post type-post status-publish format-standard has-post-thumbnail hentry category-tout-voir category-videos\">\n\t\t\t\t<a class=\"elementor-post__thumbnail__link\" href=\"https:\/\/www.huissier-luxembourg.be\/index.php\/2021\/05\/24\/un-huissier-qui-vous-veut-du-bien\/\" >\n\t\t\t<div class=\"elementor-post__thumbnail\"><img loading=\"lazy\" decoding=\"async\" width=\"1138\" height=\"648\" src=\"https:\/\/www.huissier-luxembourg.be\/wp-content\/uploads\/2023\/05\/Un-huissier-qui-vous-veut-du-bien.png\" class=\"attachment-full size-full wp-image-2168\" alt=\"\" srcset=\"https:\/\/www.huissier-luxembourg.be\/wp-content\/uploads\/2023\/05\/Un-huissier-qui-vous-veut-du-bien.png 1138w, https:\/\/www.huissier-luxembourg.be\/wp-content\/uploads\/2023\/05\/Un-huissier-qui-vous-veut-du-bien-300x171.png 300w, https:\/\/www.huissier-luxembourg.be\/wp-content\/uploads\/2023\/05\/Un-huissier-qui-vous-veut-du-bien-1024x583.png 1024w, https:\/\/www.huissier-luxembourg.be\/wp-content\/uploads\/2023\/05\/Un-huissier-qui-vous-veut-du-bien-768x437.png 768w\" sizes=\"(max-width: 1138px) 100vw, 1138px\" \/><\/div>\n\t\t<\/a>\n\t\t\t\t<div class=\"elementor-post__text\">\n\t\t\t\t<h3 class=\"elementor-post__title\">\n\t\t\t<a href=\"https:\/\/www.huissier-luxembourg.be\/index.php\/2021\/05\/24\/un-huissier-qui-vous-veut-du-bien\/\" >\n\t\t\t\tUn huissier qui vous veut du bien\t\t\t<\/a>\n\t\t<\/h3>\n\t\t\t\t<div class=\"elementor-post__meta-data\">\n\t\t\t\t\t<span class=\"elementor-post-date\">\n\t\t\t24 mai 2021\t\t<\/span>\n\t\t\t\t<\/div>\n\t\t\t\t<div class=\"elementor-post__excerpt\">\n\t\t\t\t\t<\/div>\n\t\t\n\t\t<a class=\"elementor-post__read-more\" href=\"https:\/\/www.huissier-luxembourg.be\/index.php\/2021\/05\/24\/un-huissier-qui-vous-veut-du-bien\/\" aria-label=\"En savoir plus sur Un huissier qui vous veut du bien\" >\n\t\t\tLire plus \u00bb\t\t<\/a>\n\n\t\t\t\t<\/div>\n\t\t\t\t<\/article>\n\t\t\t\t<\/div>\n\t\t\n\t\t\t\t<\/div>\n\t\t\t\t<\/div>\n\t\t\t\t<div class=\"elementor-element elementor-element-66d4a50 elementor-align-right elementor-widget elementor-widget-button\" data-id=\"66d4a50\" data-element_type=\"widget\" data-widget_type=\"button.default\">\n\t\t\t\t<div class=\"elementor-widget-container\">\n\t\t\t\t\t<div class=\"elementor-button-wrapper\">\n\t\t\t<a class=\"elementor-button elementor-button-link elementor-size-sm\" href=\"\/index.php\/actualites-offres-demploi\/\">\n\t\t\t\t\t\t<span class=\"elementor-button-content-wrapper\">\n\t\t\t\t\t\t<span class=\"elementor-button-icon elementor-align-icon-right\">\n\t\t\t\t<i aria-hidden=\"true\" class=\"fas fa-arrow-alt-circle-right\"><\/i>\t\t\t<\/span>\n\t\t\t\t\t\t\t\t\t<span class=\"elementor-button-text\">Voir toutes nos actualit\u00e9s<\/span>\n\t\t\t\t\t<\/span>\n\t\t\t\t\t<\/a>\n\t\t<\/div>\n\t\t\t\t<\/div>\n\t\t\t\t<\/div>\n\t\t\t\t\t<\/div>\n\t\t<\/div>\n\t\t\t\t\t<\/div>\n\t\t<\/section>\n\t\t\t\t<section class=\"elementor-section elementor-top-section elementor-element elementor-element-f897209 elementor-section-height-min-height elementor-section-boxed elementor-section-height-default elementor-section-items-middle elementor-invisible\" data-id=\"f897209\" data-element_type=\"section\" data-settings=\"{&quot;background_background&quot;:&quot;classic&quot;,&quot;shape_divider_top&quot;:&quot;tilt&quot;,&quot;shape_divider_bottom&quot;:&quot;tilt&quot;,&quot;animation&quot;:&quot;fadeIn&quot;}\">\n\t\t\t\t\t<div class=\"elementor-shape elementor-shape-top\" data-negative=\"false\">\n\t\t\t<svg xmlns=\"http:\/\/www.w3.org\/2000\/svg\" viewBox=\"0 0 1000 100\" preserveAspectRatio=\"none\">\n\t<path class=\"elementor-shape-fill\" d=\"M0,6V0h1000v100L0,6z\"\/>\n<\/svg>\t\t<\/div>\n\t\t\t\t<div class=\"elementor-shape elementor-shape-bottom\" data-negative=\"false\">\n\t\t\t<svg xmlns=\"http:\/\/www.w3.org\/2000\/svg\" viewBox=\"0 0 1000 100\" preserveAspectRatio=\"none\">\n\t<path class=\"elementor-shape-fill\" d=\"M0,6V0h1000v100L0,6z\"\/>\n<\/svg>\t\t<\/div>\n\t\t\t\t\t<div class=\"elementor-container elementor-column-gap-default\">\n\t\t\t\t\t<div class=\"elementor-column elementor-col-100 elementor-top-column elementor-element elementor-element-dedadd0\" data-id=\"dedadd0\" data-element_type=\"column\">\n\t\t\t<div class=\"elementor-widget-wrap elementor-element-populated\">\n\t\t\t\t\t\t<div class=\"elementor-element elementor-element-8dae275 elementor-widget elementor-widget-text-editor\" data-id=\"8dae275\" data-element_type=\"widget\" data-widget_type=\"text-editor.default\">\n\t\t\t\t<div class=\"elementor-widget-container\">\n\t\t\t\t\t\t\tBureaux ouverts du lundi au vendredi sans prise de rendez-vous\n\t\t\t\t\t\t<\/div>\n\t\t\t\t<\/div>\n\t\t\t\t<div class=\"elementor-element elementor-element-d225f79 elementor-align-center elementor-widget elementor-widget-button\" data-id=\"d225f79\" data-element_type=\"widget\" data-widget_type=\"button.default\">\n\t\t\t\t<div class=\"elementor-widget-container\">\n\t\t\t\t\t<div class=\"elementor-button-wrapper\">\n\t\t\t<a class=\"elementor-button elementor-button-link elementor-size-sm\" href=\"tel:003263235653\">\n\t\t\t\t\t\t<span class=\"elementor-button-content-wrapper\">\n\t\t\t\t\t\t\t\t\t<span class=\"elementor-button-text\">+32 (0)63 23 56 53<\/span>\n\t\t\t\t\t<\/span>\n\t\t\t\t\t<\/a>\n\t\t<\/div>\n\t\t\t\t<\/div>\n\t\t\t\t<\/div>\n\t\t\t\t\t<\/div>\n\t\t<\/div>\n\t\t\t\t\t<\/div>\n\t\t<\/section>\n\t\t\t\t<\/div>\n\t\t","protected":false},"excerpt":{"rendered":"<p>Comp\u00e9tente sur l\u2019ensemble du territoire de la province du Luxembourg https:\/\/youtu.be\/Sz260qbcvd4 L\u2019\u00e9tude des Huissiers de Justice LAPRAILLE ET ASSOCIES comp\u00e9tente sur l\u2019ensemble du territoire de la province du Luxembourg, a d\u00e9velopp\u00e9 un r\u00e9seau de confr\u00e8res permettant de garantir un service de qualit\u00e9 tant en Belgique qu\u2019\u00e0 l\u2019Etranger. Une \u00e9quipe exp\u00e9riment\u00e9e et dynamique est \u00e0 votre [&hellip;]<\/p>\n","protected":false},"author":1,"featured_media":0,"parent":0,"menu_order":0,"comment_status":"closed","ping_status":"closed","template":"elementor_header_footer","meta":{"footnotes":""},"class_list":["post-2","page","type-page","status-publish","hentry"],"yoast_head":"<!-- This site is optimized with the Yoast SEO plugin v22.6 - https:\/\/yoast.com\/wordpress\/plugins\/seo\/ -->\n<title>Accueil - L&#039;\u00e9tude des Huissiers de Justice Lapraille et Associ\u00e9s<\/title>\n<meta name=\"description\" content=\"N&#039;h\u00e9sitez pas \u00e0 prendre contact avec l&#039;\u00c9tude pour toutes informations. 6 \u00e9tudes \u00e0 votre service : Arlon, Neufch\u00e2teau, Etalle, Virton, Bastogne, Libramont.\" \/>\n<meta name=\"robots\" content=\"index, follow, max-snippet:-1, max-image-preview:large, max-video-preview:-1\" \/>\n<link rel=\"canonical\" href=\"https:\/\/www.huissier-luxembourg.be\/\" \/>\n<meta property=\"og:locale\" content=\"fr_FR\" \/>\n<meta property=\"og:type\" content=\"article\" \/>\n<meta property=\"og:title\" content=\"L&#039;\u00e9tude des Huissiers de Justice Lapraille et Associ\u00e9s - sur l&#039;ensemble du territoire de la province du Luxembourg\" \/>\n<meta property=\"og:description\" content=\"N&#039;h\u00e9sitez pas \u00e0 prendre contact avec l&#039;\u00c9tude pour toutes informations. 6 \u00e9tudes \u00e0 votre service : Arlon, Neufch\u00e2teau, Etalle, Virton, Bastogne, Libramont.\" \/>\n<meta property=\"og:url\" content=\"https:\/\/www.huissier-luxembourg.be\/\" \/>\n<meta property=\"og:site_name\" content=\"L&#039;\u00e9tude des Huissiers de Justice Lapraille et Associ\u00e9s\" \/>\n<meta property=\"article:publisher\" content=\"https:\/\/www.facebook.com\/huissiersluxembourg\/\" \/>\n<meta property=\"article:modified_time\" content=\"2026-02-27T14:03:37+00:00\" \/>\n<meta property=\"og:image\" content=\"https:\/\/www.huissier-luxembourg.be\/wp-content\/uploads\/2022\/03\/LOGOLAPRAILLE_F_BLANC.jpg\" \/>\n\t<meta property=\"og:image:width\" content=\"2363\" \/>\n\t<meta property=\"og:image:height\" content=\"2363\" \/>\n\t<meta property=\"og:image:type\" content=\"image\/jpeg\" \/>\n<meta name=\"twitter:card\" content=\"summary_large_image\" \/>\n<meta name=\"twitter:label1\" content=\"Dur\u00e9e de lecture estim\u00e9e\" \/>\n\t<meta name=\"twitter:data1\" content=\"6 minutes\" \/>\n<script type=\"application\/ld+json\" class=\"yoast-schema-graph\">{\"@context\":\"https:\/\/schema.org\",\"@graph\":[{\"@type\":\"WebPage\",\"@id\":\"https:\/\/www.huissier-luxembourg.be\/\",\"url\":\"https:\/\/www.huissier-luxembourg.be\/\",\"name\":\"Accueil - L&#039;\u00e9tude des Huissiers de Justice Lapraille et Associ\u00e9s\",\"isPartOf\":{\"@id\":\"https:\/\/www.huissier-luxembourg.be\/#website\"},\"primaryImageOfPage\":{\"@id\":\"https:\/\/www.huissier-luxembourg.be\/#primaryimage\"},\"image\":{\"@id\":\"https:\/\/www.huissier-luxembourg.be\/#primaryimage\"},\"thumbnailUrl\":\"https:\/\/www.huissier-luxembourg.be\/wp-content\/uploads\/2022\/02\/LAETITIA_LAPRAILLE.jpg\",\"datePublished\":\"2022-01-18T14:56:36+00:00\",\"dateModified\":\"2026-02-27T14:03:37+00:00\",\"description\":\"N'h\u00e9sitez pas \u00e0 prendre contact avec l'\u00c9tude pour toutes informations. 6 \u00e9tudes \u00e0 votre service : Arlon, Neufch\u00e2teau, Etalle, Virton, Bastogne, Libramont.\",\"breadcrumb\":{\"@id\":\"https:\/\/www.huissier-luxembourg.be\/#breadcrumb\"},\"inLanguage\":\"fr-FR\",\"potentialAction\":[{\"@type\":\"ReadAction\",\"target\":[\"https:\/\/www.huissier-luxembourg.be\/\"]}]},{\"@type\":\"ImageObject\",\"inLanguage\":\"fr-FR\",\"@id\":\"https:\/\/www.huissier-luxembourg.be\/#primaryimage\",\"url\":\"https:\/\/www.huissier-luxembourg.be\/wp-content\/uploads\/2022\/02\/LAETITIA_LAPRAILLE.jpg\",\"contentUrl\":\"https:\/\/www.huissier-luxembourg.be\/wp-content\/uploads\/2022\/02\/LAETITIA_LAPRAILLE.jpg\",\"width\":800,\"height\":1200},{\"@type\":\"BreadcrumbList\",\"@id\":\"https:\/\/www.huissier-luxembourg.be\/#breadcrumb\",\"itemListElement\":[{\"@type\":\"ListItem\",\"position\":1,\"name\":\"Accueil\",\"item\":\"https:\/\/www.huissier-luxembourg.be\/\"},{\"@type\":\"ListItem\",\"position\":2,\"name\":\"Accueil\"}]},{\"@type\":\"WebSite\",\"@id\":\"https:\/\/www.huissier-luxembourg.be\/#website\",\"url\":\"https:\/\/www.huissier-luxembourg.be\/\",\"name\":\"L&#039;\u00e9tude des Huissiers de Justice Lapraille et Associ\u00e9s\",\"description\":\"sur l&#039;ensemble du territoire de la province du Luxembourg\",\"publisher\":{\"@id\":\"https:\/\/www.huissier-luxembourg.be\/#organization\"},\"potentialAction\":[{\"@type\":\"SearchAction\",\"target\":{\"@type\":\"EntryPoint\",\"urlTemplate\":\"https:\/\/www.huissier-luxembourg.be\/?s={search_term_string}\"},\"query-input\":\"required name=search_term_string\"}],\"inLanguage\":\"fr-FR\"},{\"@type\":\"Organization\",\"@id\":\"https:\/\/www.huissier-luxembourg.be\/#organization\",\"name\":\"Etude des Huissiers de justice LAPRAILLE ET ASSOCIES\",\"url\":\"https:\/\/www.huissier-luxembourg.be\/\",\"logo\":{\"@type\":\"ImageObject\",\"inLanguage\":\"fr-FR\",\"@id\":\"https:\/\/www.huissier-luxembourg.be\/#\/schema\/logo\/image\/\",\"url\":\"https:\/\/www.huissier-luxembourg.be\/wp-content\/uploads\/2022\/01\/logo-lapraille.jpg\",\"contentUrl\":\"https:\/\/www.huissier-luxembourg.be\/wp-content\/uploads\/2022\/01\/logo-lapraille.jpg\",\"width\":130,\"height\":114,\"caption\":\"Etude des Huissiers de justice LAPRAILLE ET ASSOCIES\"},\"image\":{\"@id\":\"https:\/\/www.huissier-luxembourg.be\/#\/schema\/logo\/image\/\"},\"sameAs\":[\"https:\/\/www.facebook.com\/huissiersluxembourg\/\",\"https:\/\/www.linkedin.com\/in\/laetitia-lapraille\/?originalSubdomain=be\",\"https:\/\/www.youtube.com\/channel\/UCJnJC0NJQg3G3epwA9uN9Fg\"]}]}<\/script>\n<!-- \/ Yoast SEO plugin. -->","yoast_head_json":{"title":"Accueil - L&#039;\u00e9tude des Huissiers de Justice Lapraille et Associ\u00e9s","description":"N'h\u00e9sitez pas \u00e0 prendre contact avec l'\u00c9tude pour toutes informations. 6 \u00e9tudes \u00e0 votre service : Arlon, Neufch\u00e2teau, Etalle, Virton, Bastogne, Libramont.","robots":{"index":"index","follow":"follow","max-snippet":"max-snippet:-1","max-image-preview":"max-image-preview:large","max-video-preview":"max-video-preview:-1"},"canonical":"https:\/\/www.huissier-luxembourg.be\/","og_locale":"fr_FR","og_type":"article","og_title":"L&#039;\u00e9tude des Huissiers de Justice Lapraille et Associ\u00e9s - sur l&#039;ensemble du territoire de la province du Luxembourg","og_description":"N'h\u00e9sitez pas \u00e0 prendre contact avec l'\u00c9tude pour toutes informations. 6 \u00e9tudes \u00e0 votre service : Arlon, Neufch\u00e2teau, Etalle, Virton, Bastogne, Libramont.","og_url":"https:\/\/www.huissier-luxembourg.be\/","og_site_name":"L&#039;\u00e9tude des Huissiers de Justice Lapraille et Associ\u00e9s","article_publisher":"https:\/\/www.facebook.com\/huissiersluxembourg\/","article_modified_time":"2026-02-27T14:03:37+00:00","og_image":[{"width":2363,"height":2363,"url":"https:\/\/www.huissier-luxembourg.be\/wp-content\/uploads\/2022\/03\/LOGOLAPRAILLE_F_BLANC.jpg","type":"image\/jpeg"}],"twitter_card":"summary_large_image","twitter_misc":{"Dur\u00e9e de lecture estim\u00e9e":"6 minutes"},"schema":{"@context":"https:\/\/schema.org","@graph":[{"@type":"WebPage","@id":"https:\/\/www.huissier-luxembourg.be\/","url":"https:\/\/www.huissier-luxembourg.be\/","name":"Accueil - L&#039;\u00e9tude des Huissiers de Justice Lapraille et Associ\u00e9s","isPartOf":{"@id":"https:\/\/www.huissier-luxembourg.be\/#website"},"primaryImageOfPage":{"@id":"https:\/\/www.huissier-luxembourg.be\/#primaryimage"},"image":{"@id":"https:\/\/www.huissier-luxembourg.be\/#primaryimage"},"thumbnailUrl":"https:\/\/www.huissier-luxembourg.be\/wp-content\/uploads\/2022\/02\/LAETITIA_LAPRAILLE.jpg","datePublished":"2022-01-18T14:56:36+00:00","dateModified":"2026-02-27T14:03:37+00:00","description":"N'h\u00e9sitez pas \u00e0 prendre contact avec l'\u00c9tude pour toutes informations. 6 \u00e9tudes \u00e0 votre service : Arlon, Neufch\u00e2teau, Etalle, Virton, Bastogne, Libramont.","breadcrumb":{"@id":"https:\/\/www.huissier-luxembourg.be\/#breadcrumb"},"inLanguage":"fr-FR","potentialAction":[{"@type":"ReadAction","target":["https:\/\/www.huissier-luxembourg.be\/"]}]},{"@type":"ImageObject","inLanguage":"fr-FR","@id":"https:\/\/www.huissier-luxembourg.be\/#primaryimage","url":"https:\/\/www.huissier-luxembourg.be\/wp-content\/uploads\/2022\/02\/LAETITIA_LAPRAILLE.jpg","contentUrl":"https:\/\/www.huissier-luxembourg.be\/wp-content\/uploads\/2022\/02\/LAETITIA_LAPRAILLE.jpg","width":800,"height":1200},{"@type":"BreadcrumbList","@id":"https:\/\/www.huissier-luxembourg.be\/#breadcrumb","itemListElement":[{"@type":"ListItem","position":1,"name":"Accueil","item":"https:\/\/www.huissier-luxembourg.be\/"},{"@type":"ListItem","position":2,"name":"Accueil"}]},{"@type":"WebSite","@id":"https:\/\/www.huissier-luxembourg.be\/#website","url":"https:\/\/www.huissier-luxembourg.be\/","name":"L&#039;\u00e9tude des Huissiers de Justice Lapraille et Associ\u00e9s","description":"sur l&#039;ensemble du territoire de la province du Luxembourg","publisher":{"@id":"https:\/\/www.huissier-luxembourg.be\/#organization"},"potentialAction":[{"@type":"SearchAction","target":{"@type":"EntryPoint","urlTemplate":"https:\/\/www.huissier-luxembourg.be\/?s={search_term_string}"},"query-input":"required name=search_term_string"}],"inLanguage":"fr-FR"},{"@type":"Organization","@id":"https:\/\/www.huissier-luxembourg.be\/#organization","name":"Etude des Huissiers de justice LAPRAILLE ET ASSOCIES","url":"https:\/\/www.huissier-luxembourg.be\/","logo":{"@type":"ImageObject","inLanguage":"fr-FR","@id":"https:\/\/www.huissier-luxembourg.be\/#\/schema\/logo\/image\/","url":"https:\/\/www.huissier-luxembourg.be\/wp-content\/uploads\/2022\/01\/logo-lapraille.jpg","contentUrl":"https:\/\/www.huissier-luxembourg.be\/wp-content\/uploads\/2022\/01\/logo-lapraille.jpg","width":130,"height":114,"caption":"Etude des Huissiers de justice LAPRAILLE ET ASSOCIES"},"image":{"@id":"https:\/\/www.huissier-luxembourg.be\/#\/schema\/logo\/image\/"},"sameAs":["https:\/\/www.facebook.com\/huissiersluxembourg\/","https:\/\/www.linkedin.com\/in\/laetitia-lapraille\/?originalSubdomain=be","https:\/\/www.youtube.com\/channel\/UCJnJC0NJQg3G3epwA9uN9Fg"]}]}},"publishpress_future_action":{"enabled":false,"date":"2026-05-09 14:01:56","action":"change-status","newStatus":"draft","terms":[],"taxonomy":""},"_links":{"self":[{"href":"https:\/\/www.huissier-luxembourg.be\/index.php\/wp-json\/wp\/v2\/pages\/2","targetHints":{"allow":["GET"]}}],"collection":[{"href":"https:\/\/www.huissier-luxembourg.be\/index.php\/wp-json\/wp\/v2\/pages"}],"about":[{"href":"https:\/\/www.huissier-luxembourg.be\/index.php\/wp-json\/wp\/v2\/types\/page"}],"author":[{"embeddable":true,"href":"https:\/\/www.huissier-luxembourg.be\/index.php\/wp-json\/wp\/v2\/users\/1"}],"replies":[{"embeddable":true,"href":"https:\/\/www.huissier-luxembourg.be\/index.php\/wp-json\/wp\/v2\/comments?post=2"}],"version-history":[{"count":405,"href":"https:\/\/www.huissier-luxembourg.be\/index.php\/wp-json\/wp\/v2\/pages\/2\/revisions"}],"predecessor-version":[{"id":4622,"href":"https:\/\/www.huissier-luxembourg.be\/index.php\/wp-json\/wp\/v2\/pages\/2\/revisions\/4622"}],"wp:attachment":[{"href":"https:\/\/www.huissier-luxembourg.be\/index.php\/wp-json\/wp\/v2\/media?parent=2"}],"curies":[{"name":"wp","href":"https:\/\/api.w.org\/{rel}","templated":true}]}}